{"id":2798,"date":"2022-11-07T13:49:04","date_gmt":"2022-11-07T12:49:04","guid":{"rendered":"https:\/\/fundacjapronautis.pl\/?page_id=2798"},"modified":"2025-05-16T20:01:14","modified_gmt":"2025-05-16T18:01:14","slug":"programy-realizowane-przez-osrodek-hipoterapii","status":"publish","type":"page","link":"https:\/\/fundacjapronautis.pl\/index.php\/osrodek-hipoterapii-przyjazna-przystan\/programy-realizowane-przez-osrodek-hipoterapii\/","title":{"rendered":"Programy realizowane przez O\u015brodek Hipoterapii"},"content":{"rendered":"\t\t<div data-elementor-type=\"wp-page\" data-elementor-id=\"2798\" class=\"elementor elementor-2798\">\n\t\t\t\t\t\t\t\t\t<section class=\"elementor-section elementor-top-section elementor-element elementor-element-79820e1 elementor-section-boxed elementor-section-height-default elementor-section-height-default\" data-id=\"79820e1\" data-element_type=\"section\">\n\t\t\t\t\t\t<div class=\"elementor-container elementor-column-gap-default\">\n\t\t\t\t\t<div class=\"elementor-column elementor-col-100 elementor-top-column elementor-element elementor-element-6e83889\" data-id=\"6e83889\" data-element_type=\"column\">\n\t\t\t<div class=\"elementor-widget-wrap elementor-element-populated\">\n\t\t\t\t\t\t\t\t<div class=\"elementor-element elementor-element-f950179 elementor-widget elementor-widget-heading\" data-id=\"f950179\" data-element_type=\"widget\" data-widget_type=\"heading.default\">\n\t\t\t\t<div class=\"elementor-widget-container\">\n\t\t\t<style>\/*! elementor - v3.10.0 - 09-01-2023 *\/\n.elementor-heading-title{padding:0;margin:0;line-height:1}.elementor-widget-heading .elementor-heading-title[class*=elementor-size-]>a{color:inherit;font-size:inherit;line-height:inherit}.elementor-widget-heading .elementor-heading-title.elementor-size-small{font-size:15px}.elementor-widget-heading .elementor-heading-title.elementor-size-medium{font-size:19px}.elementor-widget-heading .elementor-heading-title.elementor-size-large{font-size:29px}.elementor-widget-heading .elementor-heading-title.elementor-size-xl{font-size:39px}.elementor-widget-heading .elementor-heading-title.elementor-size-xxl{font-size:59px}<\/style><h2 class=\"elementor-heading-title elementor-size-default\">PROJEKT \u201eMOJA SI\u0141A W MEJ S\u0141ABO\u015aCI\u201d<\/h2>\t\t<\/div>\n\t\t\t\t<\/div>\n\t\t\t\t<div class=\"elementor-element elementor-element-406ef1a elementor-widget elementor-widget-heading\" data-id=\"406ef1a\" data-element_type=\"widget\" data-widget_type=\"heading.default\">\n\t\t\t\t<div class=\"elementor-widget-container\">\n\t\t\t<h2 class=\"elementor-heading-title elementor-size-default\">Projekt wsp\u00f3\u0142finansowany jest ze \u015brodk\u00f3w Wojewody Wielkopolskiego w ramach zadania publicznego  w obszarze wsparcia os\u00f3b z niepe\u0142nosprawno\u015bciami \u2013 edycja 2022 <\/h2>\t\t<\/div>\n\t\t\t\t<\/div>\n\t\t\t\t<div class=\"elementor-element elementor-element-f563649 elementor-widget elementor-widget-text-editor\" data-id=\"f563649\" data-element_type=\"widget\" data-widget_type=\"text-editor.default\">\n\t\t\t\t<div class=\"elementor-widget-container\">\n\t\t\t<style>\/*! elementor - v3.10.0 - 09-01-2023 *\/\n.elementor-widget-text-editor.elementor-drop-cap-view-stacked .elementor-drop-cap{background-color:#818a91;color:#fff}.elementor-widget-text-editor.elementor-drop-cap-view-framed .elementor-drop-cap{color:#818a91;border:3px solid;background-color:transparent}.elementor-widget-text-editor:not(.elementor-drop-cap-view-default) .elementor-drop-cap{margin-top:8px}.elementor-widget-text-editor:not(.elementor-drop-cap-view-default) .elementor-drop-cap-letter{width:1em;height:1em}.elementor-widget-text-editor .elementor-drop-cap{float:left;text-align:center;line-height:1;font-size:50px}.elementor-widget-text-editor .elementor-drop-cap-letter{display:inline-block}<\/style>\t\t\t\t<p><strong>Termin realizacji zadania publicznego od 15.06. do 30.11.2022 r.<\/strong><\/p><p><strong>Celem projektu <\/strong>jest zwi\u0119kszenie samodzielno\u015bci, sprawno\u015bci i aktywno\u015bci spo\u0142ecznej os\u00f3b z niepe\u0142nosprawno\u015bciami z powiatu gnie\u017anie\u0144skiego poprzez udzia\u0142 w zaj\u0119cia hipoterapeutycznych i atrakcyjnych formach sp\u0119dzania czasu wolnego, jak rejsy \u017cagl\u00f3wkami po jeziorach powiatu gnie\u017anie\u0144skiego. W ramach projektu dla rodzin os\u00f3b z niepe\u0142nosprawno\u015bciami jest zorganizowana pomoc psychologiczna w postaci konsultacji indywidualnych<\/p>\t\t\t\t\t\t<\/div>\n\t\t\t\t<\/div>\n\t\t\t\t<div class=\"elementor-element elementor-element-1dfd3b5 elementor-widget-divider--view-line elementor-widget elementor-widget-divider\" data-id=\"1dfd3b5\" data-element_type=\"widget\" data-widget_type=\"divider.default\">\n\t\t\t\t<div class=\"elementor-widget-container\">\n\t\t\t<style>\/*! elementor - v3.10.0 - 09-01-2023 *\/\n.elementor-widget-divider{--divider-border-style:none;--divider-border-width:1px;--divider-color:#2c2c2c;--divider-icon-size:20px;--divider-element-spacing:10px;--divider-pattern-height:24px;--divider-pattern-size:20px;--divider-pattern-url:none;--divider-pattern-repeat:repeat-x}.elementor-widget-divider .elementor-divider{display:flex}.elementor-widget-divider .elementor-divider__text{font-size:15px;line-height:1;max-width:95%}.elementor-widget-divider .elementor-divider__element{margin:0 var(--divider-element-spacing);flex-shrink:0}.elementor-widget-divider .elementor-icon{font-size:var(--divider-icon-size)}.elementor-widget-divider .elementor-divider-separator{display:flex;margin:0;direction:ltr}.elementor-widget-divider--view-line_icon .elementor-divider-separator,.elementor-widget-divider--view-line_text .elementor-divider-separator{align-items:center}.elementor-widget-divider--view-line_icon .elementor-divider-separator:after,.elementor-widget-divider--view-line_icon .elementor-divider-separator:before,.elementor-widget-divider--view-line_text .elementor-divider-separator:after,.elementor-widget-divider--view-line_text .elementor-divider-separator:before{display:block;content:\"\";border-bottom:0;flex-grow:1;border-top:var(--divider-border-width) var(--divider-border-style) var(--divider-color)}.elementor-widget-divider--element-align-left .elementor-divider .elementor-divider-separator>.elementor-divider__svg:first-of-type{flex-grow:0;flex-shrink:100}.elementor-widget-divider--element-align-left .elementor-divider-separator:before{content:none}.elementor-widget-divider--element-align-left .elementor-divider__element{margin-left:0}.elementor-widget-divider--element-align-right .elementor-divider .elementor-divider-separator>.elementor-divider__svg:last-of-type{flex-grow:0;flex-shrink:100}.elementor-widget-divider--element-align-right .elementor-divider-separator:after{content:none}.elementor-widget-divider--element-align-right .elementor-divider__element{margin-right:0}.elementor-widget-divider:not(.elementor-widget-divider--view-line_text):not(.elementor-widget-divider--view-line_icon) .elementor-divider-separator{border-top:var(--divider-border-width) var(--divider-border-style) var(--divider-color)}.elementor-widget-divider--separator-type-pattern{--divider-border-style:none}.elementor-widget-divider--separator-type-pattern.elementor-widget-divider--view-line .elementor-divider-separator,.elementor-widget-divider--separator-type-pattern:not(.elementor-widget-divider--view-line) .elementor-divider-separator:after,.elementor-widget-divider--separator-type-pattern:not(.elementor-widget-divider--view-line) .elementor-divider-separator:before,.elementor-widget-divider--separator-type-pattern:not([class*=elementor-widget-divider--view]) .elementor-divider-separator{width:100%;min-height:var(--divider-pattern-height);-webkit-mask-size:var(--divider-pattern-size) 100%;mask-size:var(--divider-pattern-size) 100%;-webkit-mask-repeat:var(--divider-pattern-repeat);mask-repeat:var(--divider-pattern-repeat);background-color:var(--divider-color);-webkit-mask-image:var(--divider-pattern-url);mask-image:var(--divider-pattern-url)}.elementor-widget-divider--no-spacing{--divider-pattern-size:auto}.elementor-widget-divider--bg-round{--divider-pattern-repeat:round}.rtl .elementor-widget-divider .elementor-divider__text{direction:rtl}.e-con-inner>.elementor-widget-divider,.e-con>.elementor-widget-divider{width:var(--container-widget-width);--flex-grow:var(--container-widget-flex-grow)}<\/style>\t\t<div class=\"elementor-divider\">\n\t\t\t<span class=\"elementor-divider-separator\">\n\t\t\t\t\t\t<\/span>\n\t\t<\/div>\n\t\t\t\t<\/div>\n\t\t\t\t<\/div>\n\t\t\t\t<div class=\"elementor-element elementor-element-c1e5865 elementor-widget elementor-widget-spacer\" data-id=\"c1e5865\" data-element_type=\"widget\" data-widget_type=\"spacer.default\">\n\t\t\t\t<div class=\"elementor-widget-container\">\n\t\t\t<style>\/*! elementor - v3.10.0 - 09-01-2023 *\/\n.elementor-column .elementor-spacer-inner{height:var(--spacer-size)}.e-con{--container-widget-width:100%}.e-con-inner>.elementor-widget-spacer,.e-con>.elementor-widget-spacer{width:var(--container-widget-width,var(--spacer-size));--align-self:var(--container-widget-align-self,initial);--flex-shrink:0}.e-con-inner>.elementor-widget-spacer>.elementor-widget-container,.e-con-inner>.elementor-widget-spacer>.elementor-widget-container>.elementor-spacer,.e-con>.elementor-widget-spacer>.elementor-widget-container,.e-con>.elementor-widget-spacer>.elementor-widget-container>.elementor-spacer{height:100%}.e-con-inner>.elementor-widget-spacer>.elementor-widget-container>.elementor-spacer>.elementor-spacer-inner,.e-con>.elementor-widget-spacer>.elementor-widget-container>.elementor-spacer>.elementor-spacer-inner{height:var(--container-widget-height,var(--spacer-size))}<\/style>\t\t<div class=\"elementor-spacer\">\n\t\t\t<div class=\"elementor-spacer-inner\"><\/div>\n\t\t<\/div>\n\t\t\t\t<\/div>\n\t\t\t\t<\/div>\n\t\t\t\t<div class=\"elementor-element elementor-element-17a8628 elementor-widget elementor-widget-heading\" data-id=\"17a8628\" data-element_type=\"widget\" data-widget_type=\"heading.default\">\n\t\t\t\t<div class=\"elementor-widget-container\">\n\t\t\t<h2 class=\"elementor-heading-title elementor-size-default\">PROJEKT \u201eDROGA KU SAMODZIELNO\u015aCI\u201d<\/h2>\t\t<\/div>\n\t\t\t\t<\/div>\n\t\t\t\t<div class=\"elementor-element elementor-element-1b83e6f elementor-widget elementor-widget-heading\" data-id=\"1b83e6f\" data-element_type=\"widget\" data-widget_type=\"heading.default\">\n\t\t\t\t<div class=\"elementor-widget-container\">\n\t\t\t<h2 class=\"elementor-heading-title elementor-size-default\">Projekt realizowany w formie wsparcia zada\u0144 z zakresu rehabilitacji zawodowej i spo\u0142ecznej os\u00f3b niepe\u0142nosprawnych ze \u015brodk\u00f3w Pa\u0144stwowego Funduszu Rehabilitacyjnego Os\u00f3b Niepe\u0142nosprawnych b\u0119d\u0105cych w dyspozycji Samorz\u0105du Wojew\u00f3dztwa Wielkopolskiego w 2023 roku<\/h2>\t\t<\/div>\n\t\t\t\t<\/div>\n\t\t\t\t<div class=\"elementor-element elementor-element-53aaf2a elementor-widget elementor-widget-text-editor\" data-id=\"53aaf2a\" data-element_type=\"widget\" data-widget_type=\"text-editor.default\">\n\t\t\t\t<div class=\"elementor-widget-container\">\n\t\t\t\t\t\t\t<p><strong>Termin realizacji zadania publicznego od 01.10. do 21.12.2023 r.<\/strong><\/p><p><strong>Celem projektu <\/strong>jest zwi\u0119kszenie samodzielno\u015bci, sprawno\u015bci i aktywno\u015bci spo\u0142ecznej os\u00f3b z niepe\u0142nosprawno\u015bciami z powiatu gnie\u017anie\u0144skiego poprzez udzia\u0142 w zaj\u0119cia hipoterapeutycznych, terapeutycznej jazdy konnej i nauki obs\u0142ugi konia, drobnych prac stajennych oraz dogoterapii.\u00a0<\/p><p>\u00a0<\/p>\t\t\t\t\t\t<\/div>\n\t\t\t\t<\/div>\n\t\t\t\t<div class=\"elementor-element elementor-element-3a5d9ae elementor-widget elementor-widget-heading\" data-id=\"3a5d9ae\" data-element_type=\"widget\" data-widget_type=\"heading.default\">\n\t\t\t\t<div class=\"elementor-widget-container\">\n\t\t\t<h2 class=\"elementor-heading-title elementor-size-default\">PROJEKT \u201eMOJA SI\u0141A W MEJ S\u0141ABO\u015aCI - edycja II\u201d<\/h2>\t\t<\/div>\n\t\t\t\t<\/div>\n\t\t\t\t<div class=\"elementor-element elementor-element-7e52d92 elementor-widget elementor-widget-heading\" data-id=\"7e52d92\" data-element_type=\"widget\" data-widget_type=\"heading.default\">\n\t\t\t\t<div class=\"elementor-widget-container\">\n\t\t\t<h2 class=\"elementor-heading-title elementor-size-default\">Projekt wsp\u00f3\u0142finansowany jest ze \u015brodk\u00f3w Wojewody Wielkopolskiego w ramach zadania publicznego  w obszarze wsparcia os\u00f3b z niepe\u0142nosprawno\u015bciami \u2013 edycja 2022 pomoc spo\u0142eczna, w tym pomoc rodzinom i osobom w trudnej sytuacji \u017cyciowej oraz wyr\u00f3wnywanie sznas tych os\u00f3b i rodzin <\/h2>\t\t<\/div>\n\t\t\t\t<\/div>\n\t\t\t\t<div class=\"elementor-element elementor-element-1b1f5c2 elementor-widget elementor-widget-text-editor\" data-id=\"1b1f5c2\" data-element_type=\"widget\" data-widget_type=\"text-editor.default\">\n\t\t\t\t<div class=\"elementor-widget-container\">\n\t\t\t\t\t\t\t<p><strong>Termin realizacji zadania publicznego od 01.08. do 31.12.2023 r.<\/strong><\/p><p><strong>Celem projektu <\/strong>jest zwi\u0119kszenie samodzielno\u015bci, sprawno\u015bci i aktywno\u015bci spo\u0142ecznej os\u00f3b z niepe\u0142nosprawno\u015bciami z powiatu gnie\u017anie\u0144skiego poprzez udzia\u0142 w zaj\u0119cia hipoterapeutycznych i atrakcyjnych formach sp\u0119dzania czasu wolnego, jak rejsy \u017cagl\u00f3wkami i sp\u0142yw kajakowy po jeziorach powiatu gnie\u017anie\u0144skiego. W ramach projektu dla rodzin os\u00f3b z niepe\u0142nosprawno\u015bciami jest zorganizowana pomoc psychologiczna w postaci konsultacji indywidualnych<\/p><p>\u00a0<\/p>\t\t\t\t\t\t<\/div>\n\t\t\t\t<\/div>\n\t\t\t\t\t<\/div>\n\t\t<\/div>\n\t\t\t\t\t\t\t<\/div>\n\t\t<\/section>\n\t\t\t\t<section class=\"elementor-section elementor-top-section elementor-element elementor-element-29c90ea elementor-section-boxed elementor-section-height-default elementor-section-height-default\" data-id=\"29c90ea\" data-element_type=\"section\">\n\t\t\t\t\t\t<div class=\"elementor-container elementor-column-gap-default\">\n\t\t\t\t\t<div class=\"elementor-column elementor-col-100 elementor-top-column elementor-element elementor-element-14b1ab8\" data-id=\"14b1ab8\" data-element_type=\"column\">\n\t\t\t<div class=\"elementor-widget-wrap elementor-element-populated\">\n\t\t\t\t\t\t\t\t\t<\/div>\n\t\t<\/div>\n\t\t\t\t\t\t\t<\/div>\n\t\t<\/section>\n\t\t\t\t<section class=\"elementor-section elementor-top-section elementor-element elementor-element-91984f9 elementor-section-boxed elementor-section-height-default elementor-section-height-default\" data-id=\"91984f9\" data-element_type=\"section\">\n\t\t\t\t\t\t<div class=\"elementor-container elementor-column-gap-default\">\n\t\t\t\t\t<div class=\"elementor-column elementor-col-100 elementor-top-column elementor-element elementor-element-5c8c9b6\" data-id=\"5c8c9b6\" data-element_type=\"column\">\n\t\t\t<div class=\"elementor-widget-wrap elementor-element-populated\">\n\t\t\t\t\t\t\t\t<div class=\"elementor-element elementor-element-03f72b0 elementor-widget elementor-widget-heading\" data-id=\"03f72b0\" data-element_type=\"widget\" data-widget_type=\"heading.default\">\n\t\t\t\t<div class=\"elementor-widget-container\">\n\t\t\t<h2 class=\"elementor-heading-title elementor-size-default\">PROJEKT \u201eDROGA KU SAMODZIELNO\u015aCI- edycja II\u201d<br><\/h2>\t\t<\/div>\n\t\t\t\t<\/div>\n\t\t\t\t<div class=\"elementor-element elementor-element-18ffd51 elementor-widget elementor-widget-heading\" data-id=\"18ffd51\" data-element_type=\"widget\" data-widget_type=\"heading.default\">\n\t\t\t\t<div class=\"elementor-widget-container\">\n\t\t\t<h2 class=\"elementor-heading-title elementor-size-default\">Projekt realizowany w formie wsparcia zada\u0144 z zakresu rehabilitacji zawodowej i spo\u0142ecznej os\u00f3b niepe\u0142nosprawnych ze \u015brodk\u00f3w Pa\u0144stwowego Funduszu Rehabilitacyjnego Os\u00f3b Niepe\u0142nosprawnych b\u0119d\u0105cych w dyspozycji Samorz\u0105du Wojew\u00f3dztwa Wielkopolskiego w 2024 roku<br><\/h2>\t\t<\/div>\n\t\t\t\t<\/div>\n\t\t\t\t<div class=\"elementor-element elementor-element-4fe29e3 elementor-widget elementor-widget-text-editor\" data-id=\"4fe29e3\" data-element_type=\"widget\" data-widget_type=\"text-editor.default\">\n\t\t\t\t<div class=\"elementor-widget-container\">\n\t\t\t\t\t\t\t<p><strong>Termin realizacji zadania publicznego od 01.07. do 13.12.2024 r.<\/strong><\/p><p><strong>Celem projektu <\/strong>jest zwi\u0119kszenie samodzielno\u015bci, sprawno\u015bci i aktywno\u015bci spo\u0142ecznej os\u00f3b z niepe\u0142nosprawno\u015bciami z powiatu gnie\u017anie\u0144skiego poprzez udzia\u0142 w zaj\u0119cia hipoterapeutycznych, terapeutycznej jazdy konnej i nauki obs\u0142ugi konia, drobnych prac stajennych oraz dogoterapii.\u00a0<\/p><p>\u00a0<\/p><p>\u00a0<\/p>\t\t\t\t\t\t<\/div>\n\t\t\t\t<\/div>\n\t\t\t\t<div class=\"elementor-element elementor-element-1bff41f elementor-widget elementor-widget-heading\" data-id=\"1bff41f\" data-element_type=\"widget\" data-widget_type=\"heading.default\">\n\t\t\t\t<div class=\"elementor-widget-container\">\n\t\t\t<h2 class=\"elementor-heading-title elementor-size-default\">PROJEKT \u201eMOJA SI\u0141A W MEJ S\u0141ABO\u015aCI - edycja III\u201d<br><\/h2>\t\t<\/div>\n\t\t\t\t<\/div>\n\t\t\t\t<div class=\"elementor-element elementor-element-5f0f080 elementor-widget elementor-widget-heading\" data-id=\"5f0f080\" data-element_type=\"widget\" data-widget_type=\"heading.default\">\n\t\t\t\t<div class=\"elementor-widget-container\">\n\t\t\t<h2 class=\"elementor-heading-title elementor-size-default\">Projekt wsp\u00f3\u0142finansowany jest ze \u015brodk\u00f3w Wojewody Wielkopolskiego w ramach zadania publicznego  w obszarze wsparcia os\u00f3b z niepe\u0142nosprawno\u015bciami \u2013 edycja 2023 pomoc spo\u0142eczna, w tym pomoc rodzinom i osobom w trudnej sytuacji \u017cyciowej oraz wyr\u00f3wnywanie sznas tych os\u00f3b i rodzin<br><\/h2>\t\t<\/div>\n\t\t\t\t<\/div>\n\t\t\t\t<div class=\"elementor-element elementor-element-a949081 elementor-widget elementor-widget-text-editor\" data-id=\"a949081\" data-element_type=\"widget\" data-widget_type=\"text-editor.default\">\n\t\t\t\t<div class=\"elementor-widget-container\">\n\t\t\t\t\t\t\t<p><strong>Termin realizacji zadania publicznego od 01.08. do 31.12.2024 r.<\/strong><\/p><p><strong>Celem projektu <\/strong>jest zwi\u0119kszenie samodzielno\u015bci, sprawno\u015bci i aktywno\u015bci spo\u0142ecznej os\u00f3b z niepe\u0142nosprawno\u015bciami z powiatu gnie\u017anie\u0144skiego poprzez udzia\u0142 w zaj\u0119cia hipoterapeutycznych i atrakcyjnych formach sp\u0119dzania czasu wolnego, jak rejsy \u017cagl\u00f3wkami i sp\u0142yw kajakowy po jeziorach powiatu gnie\u017anie\u0144skiego. W ramach projektu dla rodzin os\u00f3b z niepe\u0142nosprawno\u015bciami jest zorganizowana pomoc psychologiczna w postaci konsultacji indywidualnych<\/p><p>\u00a0<\/p><p>\u00a0<\/p><p>\u00a0<\/p>\t\t\t\t\t\t<\/div>\n\t\t\t\t<\/div>\n\t\t\t\t<div class=\"elementor-element elementor-element-45480fd elementor-widget elementor-widget-heading\" data-id=\"45480fd\" data-element_type=\"widget\" data-widget_type=\"heading.default\">\n\t\t\t\t<div class=\"elementor-widget-container\">\n\t\t\t<h2 class=\"elementor-heading-title elementor-size-default\">PROJEKT \u201eZWI\u0118KSZENIE SZANS EDUKACYJNYCH DZIECI UCZ\u0118SZCZAJACYCH DO PLAC\u00d3WEK O\u015aWIATOWYCH GMINY GNIEZNO\u201d<br><\/h2>\t\t<\/div>\n\t\t\t\t<\/div>\n\t\t\t\t<div class=\"elementor-element elementor-element-83a2fe7 elementor-widget elementor-widget-heading\" data-id=\"83a2fe7\" data-element_type=\"widget\" data-widget_type=\"heading.default\">\n\t\t\t\t<div class=\"elementor-widget-container\">\n\t\t\t<h2 class=\"elementor-heading-title elementor-size-default\">Projekt finansowany jest ze \u015brodk\u00f3w programu Fundusze Europejskie dla Wielkopolski na lata 2021-2027<br><br><\/h2>\t\t<\/div>\n\t\t\t\t<\/div>\n\t\t\t\t<div class=\"elementor-element elementor-element-828675c elementor-widget elementor-widget-text-editor\" data-id=\"828675c\" data-element_type=\"widget\" data-widget_type=\"text-editor.default\">\n\t\t\t\t<div class=\"elementor-widget-container\">\n\t\t\t\t\t\t\t<p><strong>Termin realizacji zadania publicznego od 01.12.2024 do 31.05.2027 r.<\/strong><\/p>\n<p><strong>Celem projektu <\/strong>jest wsparcie plac\u00f3wek Gminy Gniezno w prowadzeniu skutecznej edukacji w\u0142\u0105czaj\u0105cej. W ramach projektu 300 dzieci\/uczni\u00f3w (w tym w szczeg\u00f3lno\u015bci ze specjalnymi potrzebami rozwojowymi i edukacyjnymi) z lac\u00f3wek o\u015bwiatowych Gminy Gniezno zostanie objetych wsparciem w postaci zaj\u0119\u0107 specjalistycznych (m.in. logopedycznych, korekcyjno-kompensacyjnych, emocjonalno-spo\u0142ecznych, szachoterapii, integracji sensorycznej, arteterapii, muzykoterapii, hipoterapii, dogoterapii). Dodatkowo zostan\u0105 przeprowadzone drobne prace adaptacyjne oraz zostanie zakupiony sprz\u0119t specjalistyczny.<\/p><p>Warto\u015b\u0107 projektu: 2 935 480, 69 z\u0142<br>Kwota dofinansowania UE: 2 054 836,48 z\u0142<\/p><p><br><\/p>\n<p><\/p>\t\t\t\t\t\t<\/div>\n\t\t\t\t<\/div>\n\t\t\t\t\t<\/div>\n\t\t<\/div>\n\t\t\t\t\t\t\t<\/div>\n\t\t<\/section>\n\t\t\t\t\t\t\t<\/div>\n\t\t","protected":false},"excerpt":{"rendered":"<p>PROJEKT \u201eMOJA SI\u0141A W MEJ S\u0141ABO\u015aCI\u201d Projekt wsp\u00f3\u0142finansowany jest ze \u015brodk\u00f3w Wojewody Wielkopolskiego w ramach zadania publicznego w obszarze wsparcia os\u00f3b z niepe\u0142nosprawno\u015bciami \u2013 edycja 2022 Termin realizacji zadania publicznego od 15.06. do 30.11.2022 r. Celem projektu jest zwi\u0119kszenie samodzielno\u015bci, sprawno\u015bci i aktywno\u015bci spo\u0142ecznej os\u00f3b z niepe\u0142nosprawno\u015bciami z powiatu gnie\u017anie\u0144skiego.<\/p>\n","protected":false},"author":1,"featured_media":0,"parent":2795,"menu_order":1,"comment_status":"closed","ping_status":"closed","template":"","meta":[],"_links":{"self":[{"href":"https:\/\/fundacjapronautis.pl\/index.php\/wp-json\/wp\/v2\/pages\/2798"}],"collection":[{"href":"https:\/\/fundacjapronautis.pl\/index.php\/wp-json\/wp\/v2\/pages"}],"about":[{"href":"https:\/\/fundacjapronautis.pl\/index.php\/wp-json\/wp\/v2\/types\/page"}],"author":[{"embeddable":true,"href":"https:\/\/fundacjapronautis.pl\/index.php\/wp-json\/wp\/v2\/users\/1"}],"replies":[{"embeddable":true,"href":"https:\/\/fundacjapronautis.pl\/index.php\/wp-json\/wp\/v2\/comments?post=2798"}],"version-history":[{"count":20,"href":"https:\/\/fundacjapronautis.pl\/index.php\/wp-json\/wp\/v2\/pages\/2798\/revisions"}],"predecessor-version":[{"id":3749,"href":"https:\/\/fundacjapronautis.pl\/index.php\/wp-json\/wp\/v2\/pages\/2798\/revisions\/3749"}],"up":[{"embeddable":true,"href":"https:\/\/fundacjapronautis.pl\/index.php\/wp-json\/wp\/v2\/pages\/2795"}],"wp:attachment":[{"href":"https:\/\/fundacjapronautis.pl\/index.php\/wp-json\/wp\/v2\/media?parent=2798"}],"curies":[{"name":"wp","href":"https:\/\/api.w.org\/{rel}","templated":true}]}}