{"id":2813,"date":"2022-11-07T13:55:33","date_gmt":"2022-11-07T12:55:33","guid":{"rendered":"https:\/\/fundacjapronautis.pl\/?page_id=2813"},"modified":"2022-12-08T15:13:40","modified_gmt":"2022-12-08T14:13:40","slug":"zdjecia-z-zycia-osrodka","status":"publish","type":"page","link":"https:\/\/fundacjapronautis.pl\/index.php\/osrodek-hipoterapii-przyjazna-przystan\/zdjecia-z-zycia-osrodka\/","title":{"rendered":"Zdj\u0119cia z \u017cycia o\u015brodka"},"content":{"rendered":"\t\t<div data-elementor-type=\"wp-page\" data-elementor-id=\"2813\" class=\"elementor elementor-2813\">\n\t\t\t\t\t\t\t\t\t<section class=\"elementor-section elementor-top-section elementor-element elementor-element-21f7488 elementor-section-boxed elementor-section-height-default elementor-section-height-default\" data-id=\"21f7488\" data-element_type=\"section\">\n\t\t\t\t\t\t<div class=\"elementor-container elementor-column-gap-default\">\n\t\t\t\t\t<div class=\"elementor-column elementor-col-100 elementor-top-column elementor-element elementor-element-0d6b8ad\" data-id=\"0d6b8ad\" data-element_type=\"column\">\n\t\t\t<div class=\"elementor-widget-wrap elementor-element-populated\">\n\t\t\t\t\t\t\t\t<div class=\"elementor-element elementor-element-a65bd12 gallery-spacing-custom elementor-widget elementor-widget-image-gallery\" data-id=\"a65bd12\" data-element_type=\"widget\" data-widget_type=\"image-gallery.default\">\n\t\t\t\t<div class=\"elementor-widget-container\">\n\t\t\t<style>\/*! elementor - v3.10.0 - 09-01-2023 *\/\n.elementor-image-gallery .gallery-item{display:inline-block;text-align:center;vertical-align:top;width:100%;max-width:100%;margin:0 auto}.elementor-image-gallery .gallery-item img{margin:0 auto}.elementor-image-gallery .gallery-item .gallery-caption{margin:0}.elementor-image-gallery figure img{display:block}.elementor-image-gallery figure figcaption{width:100%}.gallery-spacing-custom .elementor-image-gallery .gallery-icon{padding:0}@media (min-width:768px){.elementor-image-gallery .gallery-columns-2 .gallery-item{max-width:50%}.elementor-image-gallery .gallery-columns-3 .gallery-item{max-width:33.33%}.elementor-image-gallery .gallery-columns-4 .gallery-item{max-width:25%}.elementor-image-gallery .gallery-columns-5 .gallery-item{max-width:20%}.elementor-image-gallery .gallery-columns-6 .gallery-item{max-width:16.666%}.elementor-image-gallery .gallery-columns-7 .gallery-item{max-width:14.28%}.elementor-image-gallery .gallery-columns-8 .gallery-item{max-width:12.5%}.elementor-image-gallery .gallery-columns-9 .gallery-item{max-width:11.11%}.elementor-image-gallery .gallery-columns-10 .gallery-item{max-width:10%}}@media (min-width:480px) and (max-width:767px){.elementor-image-gallery .gallery.gallery-columns-2 .gallery-item,.elementor-image-gallery .gallery.gallery-columns-3 .gallery-item,.elementor-image-gallery .gallery.gallery-columns-4 .gallery-item,.elementor-image-gallery .gallery.gallery-columns-5 .gallery-item,.elementor-image-gallery .gallery.gallery-columns-6 .gallery-item,.elementor-image-gallery .gallery.gallery-columns-7 .gallery-item,.elementor-image-gallery .gallery.gallery-columns-8 .gallery-item,.elementor-image-gallery .gallery.gallery-columns-9 .gallery-item,.elementor-image-gallery .gallery.gallery-columns-10 .gallery-item{max-width:50%}}@media (max-width:479px){.elementor-image-gallery .gallery.gallery-columns-2 .gallery-item,.elementor-image-gallery .gallery.gallery-columns-3 .gallery-item,.elementor-image-gallery .gallery.gallery-columns-4 .gallery-item,.elementor-image-gallery .gallery.gallery-columns-5 .gallery-item,.elementor-image-gallery .gallery.gallery-columns-6 .gallery-item,.elementor-image-gallery .gallery.gallery-columns-7 .gallery-item,.elementor-image-gallery .gallery.gallery-columns-8 .gallery-item,.elementor-image-gallery .gallery.gallery-columns-9 .gallery-item,.elementor-image-gallery .gallery.gallery-columns-10 .gallery-item{max-width:100%}}<\/style>\t\t<div class=\"elementor-image-gallery\">\n\t\t\t<div id='gallery-1' class='gallery galleryid-2813 gallery-columns-5 gallery-size-medium'><figure class='gallery-item'>\n\t\t\t<div class='gallery-icon landscape'>\n\t\t\t\t<a data-elementor-open-lightbox=\"yes\" data-elementor-lightbox-slideshow=\"a65bd12\" data-elementor-lightbox-title=\"Fundacja Pronautis - z \u017cycia neszego o\u015brodka (36)\" e-action-hash=\"#elementor-action%3Aaction%3Dlightbox%26settings%3DeyJpZCI6MzA5MCwidXJsIjoiaHR0cHM6XC9cL2Z1bmRhY2phcHJvbmF1dGlzLnBsXC93cC1jb250ZW50XC91cGxvYWRzXC8yMDIyXC8xMlwvRnVuZGFjamEtUHJvbmF1dGlzLXotenljaWEtbmVzemVnby1vc3JvZGthLTM2LndlYnAiLCJzbGlkZXNob3ciOiJhNjViZDEyIn0%3D\" href='https:\/\/fundacjapronautis.pl\/wp-content\/uploads\/2022\/12\/Fundacja-Pronautis-z-zycia-neszego-osrodka-36.webp'><img width=\"300\" height=\"225\" src=\"https:\/\/fundacjapronautis.pl\/wp-content\/uploads\/2022\/12\/Fundacja-Pronautis-z-zycia-neszego-osrodka-36-300x225.webp\" class=\"attachment-medium size-medium\" alt=\"\" decoding=\"async\" loading=\"lazy\" srcset=\"https:\/\/fundacjapronautis.pl\/wp-content\/uploads\/2022\/12\/Fundacja-Pronautis-z-zycia-neszego-osrodka-36-300x225.webp 300w, https:\/\/fundacjapronautis.pl\/wp-content\/uploads\/2022\/12\/Fundacja-Pronautis-z-zycia-neszego-osrodka-36-1024x768.webp 1024w, https:\/\/fundacjapronautis.pl\/wp-content\/uploads\/2022\/12\/Fundacja-Pronautis-z-zycia-neszego-osrodka-36-768x576.webp 768w, https:\/\/fundacjapronautis.pl\/wp-content\/uploads\/2022\/12\/Fundacja-Pronautis-z-zycia-neszego-osrodka-36-1536x1152.webp 1536w, https:\/\/fundacjapronautis.pl\/wp-content\/uploads\/2022\/12\/Fundacja-Pronautis-z-zycia-neszego-osrodka-36-440x330.webp 440w, https:\/\/fundacjapronautis.pl\/wp-content\/uploads\/2022\/12\/Fundacja-Pronautis-z-zycia-neszego-osrodka-36-240x180.webp 240w, https:\/\/fundacjapronautis.pl\/wp-content\/uploads\/2022\/12\/Fundacja-Pronautis-z-zycia-neszego-osrodka-36.webp 1600w\" sizes=\"(max-width: 300px) 100vw, 300px\" \/><\/a>\n\t\t\t<\/div><\/figure><figure class='gallery-item'>\n\t\t\t<div class='gallery-icon landscape'>\n\t\t\t\t<a data-elementor-open-lightbox=\"yes\" data-elementor-lightbox-slideshow=\"a65bd12\" data-elementor-lightbox-title=\"Fundacja Pronautis - z \u017cycia neszego o\u015brodka (35)\" e-action-hash=\"#elementor-action%3Aaction%3Dlightbox%26settings%3DeyJpZCI6MzA4OSwidXJsIjoiaHR0cHM6XC9cL2Z1bmRhY2phcHJvbmF1dGlzLnBsXC93cC1jb250ZW50XC91cGxvYWRzXC8yMDIyXC8xMlwvRnVuZGFjamEtUHJvbmF1dGlzLXotenljaWEtbmVzemVnby1vc3JvZGthLTM1LndlYnAiLCJzbGlkZXNob3ciOiJhNjViZDEyIn0%3D\" href='https:\/\/fundacjapronautis.pl\/wp-content\/uploads\/2022\/12\/Fundacja-Pronautis-z-zycia-neszego-osrodka-35.webp'><img width=\"300\" height=\"225\" src=\"https:\/\/fundacjapronautis.pl\/wp-content\/uploads\/2022\/12\/Fundacja-Pronautis-z-zycia-neszego-osrodka-35-300x225.webp\" class=\"attachment-medium size-medium\" alt=\"\" decoding=\"async\" loading=\"lazy\" srcset=\"https:\/\/fundacjapronautis.pl\/wp-content\/uploads\/2022\/12\/Fundacja-Pronautis-z-zycia-neszego-osrodka-35-300x225.webp 300w, https:\/\/fundacjapronautis.pl\/wp-content\/uploads\/2022\/12\/Fundacja-Pronautis-z-zycia-neszego-osrodka-35-1024x768.webp 1024w, https:\/\/fundacjapronautis.pl\/wp-content\/uploads\/2022\/12\/Fundacja-Pronautis-z-zycia-neszego-osrodka-35-768x576.webp 768w, https:\/\/fundacjapronautis.pl\/wp-content\/uploads\/2022\/12\/Fundacja-Pronautis-z-zycia-neszego-osrodka-35-1536x1152.webp 1536w, https:\/\/fundacjapronautis.pl\/wp-content\/uploads\/2022\/12\/Fundacja-Pronautis-z-zycia-neszego-osrodka-35-2048x1536.webp 2048w, https:\/\/fundacjapronautis.pl\/wp-content\/uploads\/2022\/12\/Fundacja-Pronautis-z-zycia-neszego-osrodka-35-440x330.webp 440w, https:\/\/fundacjapronautis.pl\/wp-content\/uploads\/2022\/12\/Fundacja-Pronautis-z-zycia-neszego-osrodka-35-240x180.webp 240w\" sizes=\"(max-width: 300px) 100vw, 300px\" \/><\/a>\n\t\t\t<\/div><\/figure><figure class='gallery-item'>\n\t\t\t<div class='gallery-icon landscape'>\n\t\t\t\t<a data-elementor-open-lightbox=\"yes\" data-elementor-lightbox-slideshow=\"a65bd12\" data-elementor-lightbox-title=\"Fundacja Pronautis - z \u017cycia neszego o\u015brodka (34)\" e-action-hash=\"#elementor-action%3Aaction%3Dlightbox%26settings%3DeyJpZCI6MzA4OCwidXJsIjoiaHR0cHM6XC9cL2Z1bmRhY2phcHJvbmF1dGlzLnBsXC93cC1jb250ZW50XC91cGxvYWRzXC8yMDIyXC8xMlwvRnVuZGFjamEtUHJvbmF1dGlzLXotenljaWEtbmVzemVnby1vc3JvZGthLTM0LndlYnAiLCJzbGlkZXNob3ciOiJhNjViZDEyIn0%3D\" href='https:\/\/fundacjapronautis.pl\/wp-content\/uploads\/2022\/12\/Fundacja-Pronautis-z-zycia-neszego-osrodka-34.webp'><img width=\"300\" height=\"225\" src=\"https:\/\/fundacjapronautis.pl\/wp-content\/uploads\/2022\/12\/Fundacja-Pronautis-z-zycia-neszego-osrodka-34-300x225.webp\" class=\"attachment-medium size-medium\" alt=\"\" decoding=\"async\" loading=\"lazy\" srcset=\"https:\/\/fundacjapronautis.pl\/wp-content\/uploads\/2022\/12\/Fundacja-Pronautis-z-zycia-neszego-osrodka-34-300x225.webp 300w, https:\/\/fundacjapronautis.pl\/wp-content\/uploads\/2022\/12\/Fundacja-Pronautis-z-zycia-neszego-osrodka-34-1024x768.webp 1024w, https:\/\/fundacjapronautis.pl\/wp-content\/uploads\/2022\/12\/Fundacja-Pronautis-z-zycia-neszego-osrodka-34-768x576.webp 768w, https:\/\/fundacjapronautis.pl\/wp-content\/uploads\/2022\/12\/Fundacja-Pronautis-z-zycia-neszego-osrodka-34-1536x1152.webp 1536w, https:\/\/fundacjapronautis.pl\/wp-content\/uploads\/2022\/12\/Fundacja-Pronautis-z-zycia-neszego-osrodka-34-2048x1536.webp 2048w, https:\/\/fundacjapronautis.pl\/wp-content\/uploads\/2022\/12\/Fundacja-Pronautis-z-zycia-neszego-osrodka-34-440x330.webp 440w, https:\/\/fundacjapronautis.pl\/wp-content\/uploads\/2022\/12\/Fundacja-Pronautis-z-zycia-neszego-osrodka-34-240x180.webp 240w\" sizes=\"(max-width: 300px) 100vw, 300px\" \/><\/a>\n\t\t\t<\/div><\/figure><figure class='gallery-item'>\n\t\t\t<div class='gallery-icon landscape'>\n\t\t\t\t<a data-elementor-open-lightbox=\"yes\" data-elementor-lightbox-slideshow=\"a65bd12\" data-elementor-lightbox-title=\"Fundacja Pronautis - z \u017cycia neszego o\u015brodka (32)\" e-action-hash=\"#elementor-action%3Aaction%3Dlightbox%26settings%3DeyJpZCI6MzA4NywidXJsIjoiaHR0cHM6XC9cL2Z1bmRhY2phcHJvbmF1dGlzLnBsXC93cC1jb250ZW50XC91cGxvYWRzXC8yMDIyXC8xMlwvRnVuZGFjamEtUHJvbmF1dGlzLXotenljaWEtbmVzemVnby1vc3JvZGthLTMyLndlYnAiLCJzbGlkZXNob3ciOiJhNjViZDEyIn0%3D\" href='https:\/\/fundacjapronautis.pl\/wp-content\/uploads\/2022\/12\/Fundacja-Pronautis-z-zycia-neszego-osrodka-32.webp'><img width=\"300\" height=\"225\" src=\"https:\/\/fundacjapronautis.pl\/wp-content\/uploads\/2022\/12\/Fundacja-Pronautis-z-zycia-neszego-osrodka-32-300x225.webp\" class=\"attachment-medium size-medium\" alt=\"\" decoding=\"async\" loading=\"lazy\" srcset=\"https:\/\/fundacjapronautis.pl\/wp-content\/uploads\/2022\/12\/Fundacja-Pronautis-z-zycia-neszego-osrodka-32-300x225.webp 300w, https:\/\/fundacjapronautis.pl\/wp-content\/uploads\/2022\/12\/Fundacja-Pronautis-z-zycia-neszego-osrodka-32-1024x768.webp 1024w, https:\/\/fundacjapronautis.pl\/wp-content\/uploads\/2022\/12\/Fundacja-Pronautis-z-zycia-neszego-osrodka-32-768x576.webp 768w, https:\/\/fundacjapronautis.pl\/wp-content\/uploads\/2022\/12\/Fundacja-Pronautis-z-zycia-neszego-osrodka-32-1536x1152.webp 1536w, https:\/\/fundacjapronautis.pl\/wp-content\/uploads\/2022\/12\/Fundacja-Pronautis-z-zycia-neszego-osrodka-32-2048x1536.webp 2048w, https:\/\/fundacjapronautis.pl\/wp-content\/uploads\/2022\/12\/Fundacja-Pronautis-z-zycia-neszego-osrodka-32-440x330.webp 440w, https:\/\/fundacjapronautis.pl\/wp-content\/uploads\/2022\/12\/Fundacja-Pronautis-z-zycia-neszego-osrodka-32-240x180.webp 240w\" sizes=\"(max-width: 300px) 100vw, 300px\" \/><\/a>\n\t\t\t<\/div><\/figure><figure class='gallery-item'>\n\t\t\t<div class='gallery-icon landscape'>\n\t\t\t\t<a data-elementor-open-lightbox=\"yes\" data-elementor-lightbox-slideshow=\"a65bd12\" data-elementor-lightbox-title=\"Fundacja Pronautis - z \u017cycia neszego o\u015brodka (31)\" e-action-hash=\"#elementor-action%3Aaction%3Dlightbox%26settings%3DeyJpZCI6MzA4NiwidXJsIjoiaHR0cHM6XC9cL2Z1bmRhY2phcHJvbmF1dGlzLnBsXC93cC1jb250ZW50XC91cGxvYWRzXC8yMDIyXC8xMlwvRnVuZGFjamEtUHJvbmF1dGlzLXotenljaWEtbmVzemVnby1vc3JvZGthLTMxLndlYnAiLCJzbGlkZXNob3ciOiJhNjViZDEyIn0%3D\" href='https:\/\/fundacjapronautis.pl\/wp-content\/uploads\/2022\/12\/Fundacja-Pronautis-z-zycia-neszego-osrodka-31.webp'><img width=\"300\" height=\"225\" src=\"https:\/\/fundacjapronautis.pl\/wp-content\/uploads\/2022\/12\/Fundacja-Pronautis-z-zycia-neszego-osrodka-31-300x225.webp\" class=\"attachment-medium size-medium\" alt=\"\" decoding=\"async\" loading=\"lazy\" srcset=\"https:\/\/fundacjapronautis.pl\/wp-content\/uploads\/2022\/12\/Fundacja-Pronautis-z-zycia-neszego-osrodka-31-300x225.webp 300w, https:\/\/fundacjapronautis.pl\/wp-content\/uploads\/2022\/12\/Fundacja-Pronautis-z-zycia-neszego-osrodka-31-1024x768.webp 1024w, https:\/\/fundacjapronautis.pl\/wp-content\/uploads\/2022\/12\/Fundacja-Pronautis-z-zycia-neszego-osrodka-31-768x576.webp 768w, https:\/\/fundacjapronautis.pl\/wp-content\/uploads\/2022\/12\/Fundacja-Pronautis-z-zycia-neszego-osrodka-31-1536x1152.webp 1536w, https:\/\/fundacjapronautis.pl\/wp-content\/uploads\/2022\/12\/Fundacja-Pronautis-z-zycia-neszego-osrodka-31-2048x1536.webp 2048w, https:\/\/fundacjapronautis.pl\/wp-content\/uploads\/2022\/12\/Fundacja-Pronautis-z-zycia-neszego-osrodka-31-440x330.webp 440w, https:\/\/fundacjapronautis.pl\/wp-content\/uploads\/2022\/12\/Fundacja-Pronautis-z-zycia-neszego-osrodka-31-240x180.webp 240w\" sizes=\"(max-width: 300px) 100vw, 300px\" \/><\/a>\n\t\t\t<\/div><\/figure><figure class='gallery-item'>\n\t\t\t<div class='gallery-icon landscape'>\n\t\t\t\t<a data-elementor-open-lightbox=\"yes\" data-elementor-lightbox-slideshow=\"a65bd12\" data-elementor-lightbox-title=\"Fundacja Pronautis - z \u017cycia neszego o\u015brodka (30)\" e-action-hash=\"#elementor-action%3Aaction%3Dlightbox%26settings%3DeyJpZCI6MzA4NSwidXJsIjoiaHR0cHM6XC9cL2Z1bmRhY2phcHJvbmF1dGlzLnBsXC93cC1jb250ZW50XC91cGxvYWRzXC8yMDIyXC8xMlwvRnVuZGFjamEtUHJvbmF1dGlzLXotenljaWEtbmVzemVnby1vc3JvZGthLTMwLndlYnAiLCJzbGlkZXNob3ciOiJhNjViZDEyIn0%3D\" href='https:\/\/fundacjapronautis.pl\/wp-content\/uploads\/2022\/12\/Fundacja-Pronautis-z-zycia-neszego-osrodka-30.webp'><img width=\"300\" height=\"225\" src=\"https:\/\/fundacjapronautis.pl\/wp-content\/uploads\/2022\/12\/Fundacja-Pronautis-z-zycia-neszego-osrodka-30-300x225.webp\" class=\"attachment-medium size-medium\" alt=\"\" decoding=\"async\" loading=\"lazy\" srcset=\"https:\/\/fundacjapronautis.pl\/wp-content\/uploads\/2022\/12\/Fundacja-Pronautis-z-zycia-neszego-osrodka-30-300x225.webp 300w, https:\/\/fundacjapronautis.pl\/wp-content\/uploads\/2022\/12\/Fundacja-Pronautis-z-zycia-neszego-osrodka-30-1024x768.webp 1024w, https:\/\/fundacjapronautis.pl\/wp-content\/uploads\/2022\/12\/Fundacja-Pronautis-z-zycia-neszego-osrodka-30-768x576.webp 768w, https:\/\/fundacjapronautis.pl\/wp-content\/uploads\/2022\/12\/Fundacja-Pronautis-z-zycia-neszego-osrodka-30-1536x1152.webp 1536w, https:\/\/fundacjapronautis.pl\/wp-content\/uploads\/2022\/12\/Fundacja-Pronautis-z-zycia-neszego-osrodka-30-2048x1536.webp 2048w, https:\/\/fundacjapronautis.pl\/wp-content\/uploads\/2022\/12\/Fundacja-Pronautis-z-zycia-neszego-osrodka-30-440x330.webp 440w, https:\/\/fundacjapronautis.pl\/wp-content\/uploads\/2022\/12\/Fundacja-Pronautis-z-zycia-neszego-osrodka-30-240x180.webp 240w\" sizes=\"(max-width: 300px) 100vw, 300px\" \/><\/a>\n\t\t\t<\/div><\/figure><figure class='gallery-item'>\n\t\t\t<div class='gallery-icon landscape'>\n\t\t\t\t<a data-elementor-open-lightbox=\"yes\" data-elementor-lightbox-slideshow=\"a65bd12\" data-elementor-lightbox-title=\"Fundacja Pronautis - z \u017cycia neszego o\u015brodka (29)\" e-action-hash=\"#elementor-action%3Aaction%3Dlightbox%26settings%3DeyJpZCI6MzA4NCwidXJsIjoiaHR0cHM6XC9cL2Z1bmRhY2phcHJvbmF1dGlzLnBsXC93cC1jb250ZW50XC91cGxvYWRzXC8yMDIyXC8xMlwvRnVuZGFjamEtUHJvbmF1dGlzLXotenljaWEtbmVzemVnby1vc3JvZGthLTI5LndlYnAiLCJzbGlkZXNob3ciOiJhNjViZDEyIn0%3D\" href='https:\/\/fundacjapronautis.pl\/wp-content\/uploads\/2022\/12\/Fundacja-Pronautis-z-zycia-neszego-osrodka-29.webp'><img width=\"300\" height=\"225\" src=\"https:\/\/fundacjapronautis.pl\/wp-content\/uploads\/2022\/12\/Fundacja-Pronautis-z-zycia-neszego-osrodka-29-300x225.webp\" class=\"attachment-medium size-medium\" alt=\"\" decoding=\"async\" loading=\"lazy\" srcset=\"https:\/\/fundacjapronautis.pl\/wp-content\/uploads\/2022\/12\/Fundacja-Pronautis-z-zycia-neszego-osrodka-29-300x225.webp 300w, https:\/\/fundacjapronautis.pl\/wp-content\/uploads\/2022\/12\/Fundacja-Pronautis-z-zycia-neszego-osrodka-29-1024x768.webp 1024w, https:\/\/fundacjapronautis.pl\/wp-content\/uploads\/2022\/12\/Fundacja-Pronautis-z-zycia-neszego-osrodka-29-768x576.webp 768w, https:\/\/fundacjapronautis.pl\/wp-content\/uploads\/2022\/12\/Fundacja-Pronautis-z-zycia-neszego-osrodka-29-1536x1152.webp 1536w, https:\/\/fundacjapronautis.pl\/wp-content\/uploads\/2022\/12\/Fundacja-Pronautis-z-zycia-neszego-osrodka-29-2048x1536.webp 2048w, https:\/\/fundacjapronautis.pl\/wp-content\/uploads\/2022\/12\/Fundacja-Pronautis-z-zycia-neszego-osrodka-29-440x330.webp 440w, https:\/\/fundacjapronautis.pl\/wp-content\/uploads\/2022\/12\/Fundacja-Pronautis-z-zycia-neszego-osrodka-29-240x180.webp 240w\" sizes=\"(max-width: 300px) 100vw, 300px\" \/><\/a>\n\t\t\t<\/div><\/figure><figure class='gallery-item'>\n\t\t\t<div class='gallery-icon landscape'>\n\t\t\t\t<a data-elementor-open-lightbox=\"yes\" data-elementor-lightbox-slideshow=\"a65bd12\" data-elementor-lightbox-title=\"Fundacja Pronautis - z \u017cycia neszego o\u015brodka (28)\" e-action-hash=\"#elementor-action%3Aaction%3Dlightbox%26settings%3DeyJpZCI6MzA4MywidXJsIjoiaHR0cHM6XC9cL2Z1bmRhY2phcHJvbmF1dGlzLnBsXC93cC1jb250ZW50XC91cGxvYWRzXC8yMDIyXC8xMlwvRnVuZGFjamEtUHJvbmF1dGlzLXotenljaWEtbmVzemVnby1vc3JvZGthLTI4LndlYnAiLCJzbGlkZXNob3ciOiJhNjViZDEyIn0%3D\" href='https:\/\/fundacjapronautis.pl\/wp-content\/uploads\/2022\/12\/Fundacja-Pronautis-z-zycia-neszego-osrodka-28.webp'><img width=\"300\" height=\"225\" src=\"https:\/\/fundacjapronautis.pl\/wp-content\/uploads\/2022\/12\/Fundacja-Pronautis-z-zycia-neszego-osrodka-28-300x225.webp\" class=\"attachment-medium size-medium\" alt=\"\" decoding=\"async\" loading=\"lazy\" srcset=\"https:\/\/fundacjapronautis.pl\/wp-content\/uploads\/2022\/12\/Fundacja-Pronautis-z-zycia-neszego-osrodka-28-300x225.webp 300w, https:\/\/fundacjapronautis.pl\/wp-content\/uploads\/2022\/12\/Fundacja-Pronautis-z-zycia-neszego-osrodka-28-1024x768.webp 1024w, https:\/\/fundacjapronautis.pl\/wp-content\/uploads\/2022\/12\/Fundacja-Pronautis-z-zycia-neszego-osrodka-28-768x576.webp 768w, https:\/\/fundacjapronautis.pl\/wp-content\/uploads\/2022\/12\/Fundacja-Pronautis-z-zycia-neszego-osrodka-28-1536x1152.webp 1536w, https:\/\/fundacjapronautis.pl\/wp-content\/uploads\/2022\/12\/Fundacja-Pronautis-z-zycia-neszego-osrodka-28-2048x1536.webp 2048w, https:\/\/fundacjapronautis.pl\/wp-content\/uploads\/2022\/12\/Fundacja-Pronautis-z-zycia-neszego-osrodka-28-440x330.webp 440w, https:\/\/fundacjapronautis.pl\/wp-content\/uploads\/2022\/12\/Fundacja-Pronautis-z-zycia-neszego-osrodka-28-240x180.webp 240w\" sizes=\"(max-width: 300px) 100vw, 300px\" \/><\/a>\n\t\t\t<\/div><\/figure><figure class='gallery-item'>\n\t\t\t<div class='gallery-icon landscape'>\n\t\t\t\t<a data-elementor-open-lightbox=\"yes\" data-elementor-lightbox-slideshow=\"a65bd12\" data-elementor-lightbox-title=\"Fundacja Pronautis - z \u017cycia neszego o\u015brodka (27)\" e-action-hash=\"#elementor-action%3Aaction%3Dlightbox%26settings%3DeyJpZCI6MzA4MiwidXJsIjoiaHR0cHM6XC9cL2Z1bmRhY2phcHJvbmF1dGlzLnBsXC93cC1jb250ZW50XC91cGxvYWRzXC8yMDIyXC8xMlwvRnVuZGFjamEtUHJvbmF1dGlzLXotenljaWEtbmVzemVnby1vc3JvZGthLTI3LndlYnAiLCJzbGlkZXNob3ciOiJhNjViZDEyIn0%3D\" href='https:\/\/fundacjapronautis.pl\/wp-content\/uploads\/2022\/12\/Fundacja-Pronautis-z-zycia-neszego-osrodka-27.webp'><img width=\"300\" height=\"225\" src=\"https:\/\/fundacjapronautis.pl\/wp-content\/uploads\/2022\/12\/Fundacja-Pronautis-z-zycia-neszego-osrodka-27-300x225.webp\" class=\"attachment-medium size-medium\" alt=\"\" decoding=\"async\" loading=\"lazy\" srcset=\"https:\/\/fundacjapronautis.pl\/wp-content\/uploads\/2022\/12\/Fundacja-Pronautis-z-zycia-neszego-osrodka-27-300x225.webp 300w, https:\/\/fundacjapronautis.pl\/wp-content\/uploads\/2022\/12\/Fundacja-Pronautis-z-zycia-neszego-osrodka-27-1024x768.webp 1024w, https:\/\/fundacjapronautis.pl\/wp-content\/uploads\/2022\/12\/Fundacja-Pronautis-z-zycia-neszego-osrodka-27-768x576.webp 768w, https:\/\/fundacjapronautis.pl\/wp-content\/uploads\/2022\/12\/Fundacja-Pronautis-z-zycia-neszego-osrodka-27-1536x1152.webp 1536w, https:\/\/fundacjapronautis.pl\/wp-content\/uploads\/2022\/12\/Fundacja-Pronautis-z-zycia-neszego-osrodka-27-2048x1536.webp 2048w, https:\/\/fundacjapronautis.pl\/wp-content\/uploads\/2022\/12\/Fundacja-Pronautis-z-zycia-neszego-osrodka-27-440x330.webp 440w, https:\/\/fundacjapronautis.pl\/wp-content\/uploads\/2022\/12\/Fundacja-Pronautis-z-zycia-neszego-osrodka-27-240x180.webp 240w\" sizes=\"(max-width: 300px) 100vw, 300px\" \/><\/a>\n\t\t\t<\/div><\/figure><figure class='gallery-item'>\n\t\t\t<div class='gallery-icon portrait'>\n\t\t\t\t<a data-elementor-open-lightbox=\"yes\" data-elementor-lightbox-slideshow=\"a65bd12\" data-elementor-lightbox-title=\"Fundacja Pronautis - z \u017cycia neszego o\u015brodka (26)\" e-action-hash=\"#elementor-action%3Aaction%3Dlightbox%26settings%3DeyJpZCI6MzA4MSwidXJsIjoiaHR0cHM6XC9cL2Z1bmRhY2phcHJvbmF1dGlzLnBsXC93cC1jb250ZW50XC91cGxvYWRzXC8yMDIyXC8xMlwvRnVuZGFjamEtUHJvbmF1dGlzLXotenljaWEtbmVzemVnby1vc3JvZGthLTI2LndlYnAiLCJzbGlkZXNob3ciOiJhNjViZDEyIn0%3D\" href='https:\/\/fundacjapronautis.pl\/wp-content\/uploads\/2022\/12\/Fundacja-Pronautis-z-zycia-neszego-osrodka-26.webp'><img width=\"225\" height=\"300\" src=\"https:\/\/fundacjapronautis.pl\/wp-content\/uploads\/2022\/12\/Fundacja-Pronautis-z-zycia-neszego-osrodka-26-225x300.webp\" class=\"attachment-medium size-medium\" alt=\"\" decoding=\"async\" loading=\"lazy\" srcset=\"https:\/\/fundacjapronautis.pl\/wp-content\/uploads\/2022\/12\/Fundacja-Pronautis-z-zycia-neszego-osrodka-26-225x300.webp 225w, https:\/\/fundacjapronautis.pl\/wp-content\/uploads\/2022\/12\/Fundacja-Pronautis-z-zycia-neszego-osrodka-26-768x1024.webp 768w, https:\/\/fundacjapronautis.pl\/wp-content\/uploads\/2022\/12\/Fundacja-Pronautis-z-zycia-neszego-osrodka-26-1152x1536.webp 1152w, https:\/\/fundacjapronautis.pl\/wp-content\/uploads\/2022\/12\/Fundacja-Pronautis-z-zycia-neszego-osrodka-26-1536x2048.webp 1536w, https:\/\/fundacjapronautis.pl\/wp-content\/uploads\/2022\/12\/Fundacja-Pronautis-z-zycia-neszego-osrodka-26-248x330.webp 248w, https:\/\/fundacjapronautis.pl\/wp-content\/uploads\/2022\/12\/Fundacja-Pronautis-z-zycia-neszego-osrodka-26-135x180.webp 135w, https:\/\/fundacjapronautis.pl\/wp-content\/uploads\/2022\/12\/Fundacja-Pronautis-z-zycia-neszego-osrodka-26.webp 1875w\" sizes=\"(max-width: 225px) 100vw, 225px\" \/><\/a>\n\t\t\t<\/div><\/figure><figure class='gallery-item'>\n\t\t\t<div class='gallery-icon portrait'>\n\t\t\t\t<a data-elementor-open-lightbox=\"yes\" data-elementor-lightbox-slideshow=\"a65bd12\" data-elementor-lightbox-title=\"Fundacja Pronautis - z \u017cycia neszego o\u015brodka (25)\" e-action-hash=\"#elementor-action%3Aaction%3Dlightbox%26settings%3DeyJpZCI6MzA4MCwidXJsIjoiaHR0cHM6XC9cL2Z1bmRhY2phcHJvbmF1dGlzLnBsXC93cC1jb250ZW50XC91cGxvYWRzXC8yMDIyXC8xMlwvRnVuZGFjamEtUHJvbmF1dGlzLXotenljaWEtbmVzemVnby1vc3JvZGthLTI1LndlYnAiLCJzbGlkZXNob3ciOiJhNjViZDEyIn0%3D\" href='https:\/\/fundacjapronautis.pl\/wp-content\/uploads\/2022\/12\/Fundacja-Pronautis-z-zycia-neszego-osrodka-25.webp'><img width=\"225\" height=\"300\" src=\"https:\/\/fundacjapronautis.pl\/wp-content\/uploads\/2022\/12\/Fundacja-Pronautis-z-zycia-neszego-osrodka-25-225x300.webp\" class=\"attachment-medium size-medium\" alt=\"\" decoding=\"async\" loading=\"lazy\" srcset=\"https:\/\/fundacjapronautis.pl\/wp-content\/uploads\/2022\/12\/Fundacja-Pronautis-z-zycia-neszego-osrodka-25-225x300.webp 225w, https:\/\/fundacjapronautis.pl\/wp-content\/uploads\/2022\/12\/Fundacja-Pronautis-z-zycia-neszego-osrodka-25-768x1024.webp 768w, https:\/\/fundacjapronautis.pl\/wp-content\/uploads\/2022\/12\/Fundacja-Pronautis-z-zycia-neszego-osrodka-25-1152x1536.webp 1152w, https:\/\/fundacjapronautis.pl\/wp-content\/uploads\/2022\/12\/Fundacja-Pronautis-z-zycia-neszego-osrodka-25-1536x2048.webp 1536w, https:\/\/fundacjapronautis.pl\/wp-content\/uploads\/2022\/12\/Fundacja-Pronautis-z-zycia-neszego-osrodka-25-248x330.webp 248w, https:\/\/fundacjapronautis.pl\/wp-content\/uploads\/2022\/12\/Fundacja-Pronautis-z-zycia-neszego-osrodka-25-135x180.webp 135w, https:\/\/fundacjapronautis.pl\/wp-content\/uploads\/2022\/12\/Fundacja-Pronautis-z-zycia-neszego-osrodka-25.webp 1875w\" sizes=\"(max-width: 225px) 100vw, 225px\" \/><\/a>\n\t\t\t<\/div><\/figure><figure class='gallery-item'>\n\t\t\t<div class='gallery-icon landscape'>\n\t\t\t\t<a data-elementor-open-lightbox=\"yes\" data-elementor-lightbox-slideshow=\"a65bd12\" data-elementor-lightbox-title=\"Fundacja Pronautis - z \u017cycia neszego o\u015brodka (24)\" e-action-hash=\"#elementor-action%3Aaction%3Dlightbox%26settings%3DeyJpZCI6MzA3OSwidXJsIjoiaHR0cHM6XC9cL2Z1bmRhY2phcHJvbmF1dGlzLnBsXC93cC1jb250ZW50XC91cGxvYWRzXC8yMDIyXC8xMlwvRnVuZGFjamEtUHJvbmF1dGlzLXotenljaWEtbmVzemVnby1vc3JvZGthLTI0LndlYnAiLCJzbGlkZXNob3ciOiJhNjViZDEyIn0%3D\" href='https:\/\/fundacjapronautis.pl\/wp-content\/uploads\/2022\/12\/Fundacja-Pronautis-z-zycia-neszego-osrodka-24.webp'><img width=\"300\" height=\"225\" src=\"https:\/\/fundacjapronautis.pl\/wp-content\/uploads\/2022\/12\/Fundacja-Pronautis-z-zycia-neszego-osrodka-24-300x225.webp\" class=\"attachment-medium size-medium\" alt=\"\" decoding=\"async\" loading=\"lazy\" srcset=\"https:\/\/fundacjapronautis.pl\/wp-content\/uploads\/2022\/12\/Fundacja-Pronautis-z-zycia-neszego-osrodka-24-300x225.webp 300w, https:\/\/fundacjapronautis.pl\/wp-content\/uploads\/2022\/12\/Fundacja-Pronautis-z-zycia-neszego-osrodka-24-1024x768.webp 1024w, https:\/\/fundacjapronautis.pl\/wp-content\/uploads\/2022\/12\/Fundacja-Pronautis-z-zycia-neszego-osrodka-24-768x576.webp 768w, https:\/\/fundacjapronautis.pl\/wp-content\/uploads\/2022\/12\/Fundacja-Pronautis-z-zycia-neszego-osrodka-24-1536x1152.webp 1536w, https:\/\/fundacjapronautis.pl\/wp-content\/uploads\/2022\/12\/Fundacja-Pronautis-z-zycia-neszego-osrodka-24-2048x1536.webp 2048w, https:\/\/fundacjapronautis.pl\/wp-content\/uploads\/2022\/12\/Fundacja-Pronautis-z-zycia-neszego-osrodka-24-440x330.webp 440w, https:\/\/fundacjapronautis.pl\/wp-content\/uploads\/2022\/12\/Fundacja-Pronautis-z-zycia-neszego-osrodka-24-240x180.webp 240w\" sizes=\"(max-width: 300px) 100vw, 300px\" \/><\/a>\n\t\t\t<\/div><\/figure><figure class='gallery-item'>\n\t\t\t<div class='gallery-icon portrait'>\n\t\t\t\t<a data-elementor-open-lightbox=\"yes\" data-elementor-lightbox-slideshow=\"a65bd12\" data-elementor-lightbox-title=\"Fundacja Pronautis - z \u017cycia neszego o\u015brodka (23)\" e-action-hash=\"#elementor-action%3Aaction%3Dlightbox%26settings%3DeyJpZCI6MzA3OCwidXJsIjoiaHR0cHM6XC9cL2Z1bmRhY2phcHJvbmF1dGlzLnBsXC93cC1jb250ZW50XC91cGxvYWRzXC8yMDIyXC8xMlwvRnVuZGFjamEtUHJvbmF1dGlzLXotenljaWEtbmVzemVnby1vc3JvZGthLTIzLndlYnAiLCJzbGlkZXNob3ciOiJhNjViZDEyIn0%3D\" href='https:\/\/fundacjapronautis.pl\/wp-content\/uploads\/2022\/12\/Fundacja-Pronautis-z-zycia-neszego-osrodka-23.webp'><img width=\"225\" height=\"300\" src=\"https:\/\/fundacjapronautis.pl\/wp-content\/uploads\/2022\/12\/Fundacja-Pronautis-z-zycia-neszego-osrodka-23-225x300.webp\" class=\"attachment-medium size-medium\" alt=\"\" decoding=\"async\" loading=\"lazy\" srcset=\"https:\/\/fundacjapronautis.pl\/wp-content\/uploads\/2022\/12\/Fundacja-Pronautis-z-zycia-neszego-osrodka-23-225x300.webp 225w, https:\/\/fundacjapronautis.pl\/wp-content\/uploads\/2022\/12\/Fundacja-Pronautis-z-zycia-neszego-osrodka-23-768x1024.webp 768w, https:\/\/fundacjapronautis.pl\/wp-content\/uploads\/2022\/12\/Fundacja-Pronautis-z-zycia-neszego-osrodka-23-1152x1536.webp 1152w, https:\/\/fundacjapronautis.pl\/wp-content\/uploads\/2022\/12\/Fundacja-Pronautis-z-zycia-neszego-osrodka-23-1536x2048.webp 1536w, https:\/\/fundacjapronautis.pl\/wp-content\/uploads\/2022\/12\/Fundacja-Pronautis-z-zycia-neszego-osrodka-23-248x330.webp 248w, https:\/\/fundacjapronautis.pl\/wp-content\/uploads\/2022\/12\/Fundacja-Pronautis-z-zycia-neszego-osrodka-23-135x180.webp 135w, https:\/\/fundacjapronautis.pl\/wp-content\/uploads\/2022\/12\/Fundacja-Pronautis-z-zycia-neszego-osrodka-23.webp 1875w\" sizes=\"(max-width: 225px) 100vw, 225px\" \/><\/a>\n\t\t\t<\/div><\/figure><figure class='gallery-item'>\n\t\t\t<div class='gallery-icon portrait'>\n\t\t\t\t<a data-elementor-open-lightbox=\"yes\" data-elementor-lightbox-slideshow=\"a65bd12\" data-elementor-lightbox-title=\"Fundacja Pronautis - z \u017cycia neszego o\u015brodka (22)\" e-action-hash=\"#elementor-action%3Aaction%3Dlightbox%26settings%3DeyJpZCI6MzA3NywidXJsIjoiaHR0cHM6XC9cL2Z1bmRhY2phcHJvbmF1dGlzLnBsXC93cC1jb250ZW50XC91cGxvYWRzXC8yMDIyXC8xMlwvRnVuZGFjamEtUHJvbmF1dGlzLXotenljaWEtbmVzemVnby1vc3JvZGthLTIyLndlYnAiLCJzbGlkZXNob3ciOiJhNjViZDEyIn0%3D\" href='https:\/\/fundacjapronautis.pl\/wp-content\/uploads\/2022\/12\/Fundacja-Pronautis-z-zycia-neszego-osrodka-22.webp'><img width=\"225\" height=\"300\" src=\"https:\/\/fundacjapronautis.pl\/wp-content\/uploads\/2022\/12\/Fundacja-Pronautis-z-zycia-neszego-osrodka-22-225x300.webp\" class=\"attachment-medium size-medium\" alt=\"\" decoding=\"async\" loading=\"lazy\" srcset=\"https:\/\/fundacjapronautis.pl\/wp-content\/uploads\/2022\/12\/Fundacja-Pronautis-z-zycia-neszego-osrodka-22-225x300.webp 225w, https:\/\/fundacjapronautis.pl\/wp-content\/uploads\/2022\/12\/Fundacja-Pronautis-z-zycia-neszego-osrodka-22-768x1024.webp 768w, https:\/\/fundacjapronautis.pl\/wp-content\/uploads\/2022\/12\/Fundacja-Pronautis-z-zycia-neszego-osrodka-22-1152x1536.webp 1152w, https:\/\/fundacjapronautis.pl\/wp-content\/uploads\/2022\/12\/Fundacja-Pronautis-z-zycia-neszego-osrodka-22-1536x2048.webp 1536w, https:\/\/fundacjapronautis.pl\/wp-content\/uploads\/2022\/12\/Fundacja-Pronautis-z-zycia-neszego-osrodka-22-248x330.webp 248w, https:\/\/fundacjapronautis.pl\/wp-content\/uploads\/2022\/12\/Fundacja-Pronautis-z-zycia-neszego-osrodka-22-135x180.webp 135w, https:\/\/fundacjapronautis.pl\/wp-content\/uploads\/2022\/12\/Fundacja-Pronautis-z-zycia-neszego-osrodka-22.webp 1875w\" sizes=\"(max-width: 225px) 100vw, 225px\" \/><\/a>\n\t\t\t<\/div><\/figure><figure class='gallery-item'>\n\t\t\t<div class='gallery-icon portrait'>\n\t\t\t\t<a data-elementor-open-lightbox=\"yes\" data-elementor-lightbox-slideshow=\"a65bd12\" data-elementor-lightbox-title=\"Fundacja Pronautis - z \u017cycia neszego o\u015brodka (21)\" e-action-hash=\"#elementor-action%3Aaction%3Dlightbox%26settings%3DeyJpZCI6MzA3NiwidXJsIjoiaHR0cHM6XC9cL2Z1bmRhY2phcHJvbmF1dGlzLnBsXC93cC1jb250ZW50XC91cGxvYWRzXC8yMDIyXC8xMlwvRnVuZGFjamEtUHJvbmF1dGlzLXotenljaWEtbmVzemVnby1vc3JvZGthLTIxLndlYnAiLCJzbGlkZXNob3ciOiJhNjViZDEyIn0%3D\" href='https:\/\/fundacjapronautis.pl\/wp-content\/uploads\/2022\/12\/Fundacja-Pronautis-z-zycia-neszego-osrodka-21.webp'><img width=\"225\" height=\"300\" src=\"https:\/\/fundacjapronautis.pl\/wp-content\/uploads\/2022\/12\/Fundacja-Pronautis-z-zycia-neszego-osrodka-21-225x300.webp\" class=\"attachment-medium size-medium\" alt=\"\" decoding=\"async\" loading=\"lazy\" srcset=\"https:\/\/fundacjapronautis.pl\/wp-content\/uploads\/2022\/12\/Fundacja-Pronautis-z-zycia-neszego-osrodka-21-225x300.webp 225w, https:\/\/fundacjapronautis.pl\/wp-content\/uploads\/2022\/12\/Fundacja-Pronautis-z-zycia-neszego-osrodka-21-768x1024.webp 768w, https:\/\/fundacjapronautis.pl\/wp-content\/uploads\/2022\/12\/Fundacja-Pronautis-z-zycia-neszego-osrodka-21-1152x1536.webp 1152w, https:\/\/fundacjapronautis.pl\/wp-content\/uploads\/2022\/12\/Fundacja-Pronautis-z-zycia-neszego-osrodka-21-1536x2048.webp 1536w, https:\/\/fundacjapronautis.pl\/wp-content\/uploads\/2022\/12\/Fundacja-Pronautis-z-zycia-neszego-osrodka-21-248x330.webp 248w, https:\/\/fundacjapronautis.pl\/wp-content\/uploads\/2022\/12\/Fundacja-Pronautis-z-zycia-neszego-osrodka-21-135x180.webp 135w, https:\/\/fundacjapronautis.pl\/wp-content\/uploads\/2022\/12\/Fundacja-Pronautis-z-zycia-neszego-osrodka-21.webp 1875w\" sizes=\"(max-width: 225px) 100vw, 225px\" \/><\/a>\n\t\t\t<\/div><\/figure><figure class='gallery-item'>\n\t\t\t<div class='gallery-icon portrait'>\n\t\t\t\t<a data-elementor-open-lightbox=\"yes\" data-elementor-lightbox-slideshow=\"a65bd12\" data-elementor-lightbox-title=\"Fundacja Pronautis - z \u017cycia neszego o\u015brodka (20)\" e-action-hash=\"#elementor-action%3Aaction%3Dlightbox%26settings%3DeyJpZCI6MzA3NSwidXJsIjoiaHR0cHM6XC9cL2Z1bmRhY2phcHJvbmF1dGlzLnBsXC93cC1jb250ZW50XC91cGxvYWRzXC8yMDIyXC8xMlwvRnVuZGFjamEtUHJvbmF1dGlzLXotenljaWEtbmVzemVnby1vc3JvZGthLTIwLndlYnAiLCJzbGlkZXNob3ciOiJhNjViZDEyIn0%3D\" href='https:\/\/fundacjapronautis.pl\/wp-content\/uploads\/2022\/12\/Fundacja-Pronautis-z-zycia-neszego-osrodka-20.webp'><img width=\"225\" height=\"300\" src=\"https:\/\/fundacjapronautis.pl\/wp-content\/uploads\/2022\/12\/Fundacja-Pronautis-z-zycia-neszego-osrodka-20-225x300.webp\" class=\"attachment-medium size-medium\" alt=\"\" decoding=\"async\" loading=\"lazy\" srcset=\"https:\/\/fundacjapronautis.pl\/wp-content\/uploads\/2022\/12\/Fundacja-Pronautis-z-zycia-neszego-osrodka-20-225x300.webp 225w, https:\/\/fundacjapronautis.pl\/wp-content\/uploads\/2022\/12\/Fundacja-Pronautis-z-zycia-neszego-osrodka-20-768x1024.webp 768w, https:\/\/fundacjapronautis.pl\/wp-content\/uploads\/2022\/12\/Fundacja-Pronautis-z-zycia-neszego-osrodka-20-1152x1536.webp 1152w, https:\/\/fundacjapronautis.pl\/wp-content\/uploads\/2022\/12\/Fundacja-Pronautis-z-zycia-neszego-osrodka-20-1536x2048.webp 1536w, https:\/\/fundacjapronautis.pl\/wp-content\/uploads\/2022\/12\/Fundacja-Pronautis-z-zycia-neszego-osrodka-20-248x330.webp 248w, https:\/\/fundacjapronautis.pl\/wp-content\/uploads\/2022\/12\/Fundacja-Pronautis-z-zycia-neszego-osrodka-20-135x180.webp 135w, https:\/\/fundacjapronautis.pl\/wp-content\/uploads\/2022\/12\/Fundacja-Pronautis-z-zycia-neszego-osrodka-20.webp 1875w\" sizes=\"(max-width: 225px) 100vw, 225px\" \/><\/a>\n\t\t\t<\/div><\/figure><figure class='gallery-item'>\n\t\t\t<div class='gallery-icon portrait'>\n\t\t\t\t<a data-elementor-open-lightbox=\"yes\" data-elementor-lightbox-slideshow=\"a65bd12\" data-elementor-lightbox-title=\"Fundacja Pronautis - z \u017cycia neszego o\u015brodka (19)\" e-action-hash=\"#elementor-action%3Aaction%3Dlightbox%26settings%3DeyJpZCI6MzA3NCwidXJsIjoiaHR0cHM6XC9cL2Z1bmRhY2phcHJvbmF1dGlzLnBsXC93cC1jb250ZW50XC91cGxvYWRzXC8yMDIyXC8xMlwvRnVuZGFjamEtUHJvbmF1dGlzLXotenljaWEtbmVzemVnby1vc3JvZGthLTE5LndlYnAiLCJzbGlkZXNob3ciOiJhNjViZDEyIn0%3D\" href='https:\/\/fundacjapronautis.pl\/wp-content\/uploads\/2022\/12\/Fundacja-Pronautis-z-zycia-neszego-osrodka-19.webp'><img width=\"225\" height=\"300\" src=\"https:\/\/fundacjapronautis.pl\/wp-content\/uploads\/2022\/12\/Fundacja-Pronautis-z-zycia-neszego-osrodka-19-225x300.webp\" class=\"attachment-medium size-medium\" alt=\"\" decoding=\"async\" loading=\"lazy\" srcset=\"https:\/\/fundacjapronautis.pl\/wp-content\/uploads\/2022\/12\/Fundacja-Pronautis-z-zycia-neszego-osrodka-19-225x300.webp 225w, https:\/\/fundacjapronautis.pl\/wp-content\/uploads\/2022\/12\/Fundacja-Pronautis-z-zycia-neszego-osrodka-19-768x1024.webp 768w, https:\/\/fundacjapronautis.pl\/wp-content\/uploads\/2022\/12\/Fundacja-Pronautis-z-zycia-neszego-osrodka-19-1152x1536.webp 1152w, https:\/\/fundacjapronautis.pl\/wp-content\/uploads\/2022\/12\/Fundacja-Pronautis-z-zycia-neszego-osrodka-19-1536x2048.webp 1536w, https:\/\/fundacjapronautis.pl\/wp-content\/uploads\/2022\/12\/Fundacja-Pronautis-z-zycia-neszego-osrodka-19-248x330.webp 248w, https:\/\/fundacjapronautis.pl\/wp-content\/uploads\/2022\/12\/Fundacja-Pronautis-z-zycia-neszego-osrodka-19-135x180.webp 135w, https:\/\/fundacjapronautis.pl\/wp-content\/uploads\/2022\/12\/Fundacja-Pronautis-z-zycia-neszego-osrodka-19.webp 1875w\" sizes=\"(max-width: 225px) 100vw, 225px\" \/><\/a>\n\t\t\t<\/div><\/figure><figure class='gallery-item'>\n\t\t\t<div class='gallery-icon landscape'>\n\t\t\t\t<a data-elementor-open-lightbox=\"yes\" data-elementor-lightbox-slideshow=\"a65bd12\" data-elementor-lightbox-title=\"Fundacja Pronautis - z \u017cycia neszego o\u015brodka (18)\" e-action-hash=\"#elementor-action%3Aaction%3Dlightbox%26settings%3DeyJpZCI6MzA3MywidXJsIjoiaHR0cHM6XC9cL2Z1bmRhY2phcHJvbmF1dGlzLnBsXC93cC1jb250ZW50XC91cGxvYWRzXC8yMDIyXC8xMlwvRnVuZGFjamEtUHJvbmF1dGlzLXotenljaWEtbmVzemVnby1vc3JvZGthLTE4LndlYnAiLCJzbGlkZXNob3ciOiJhNjViZDEyIn0%3D\" href='https:\/\/fundacjapronautis.pl\/wp-content\/uploads\/2022\/12\/Fundacja-Pronautis-z-zycia-neszego-osrodka-18.webp'><img width=\"300\" height=\"225\" src=\"https:\/\/fundacjapronautis.pl\/wp-content\/uploads\/2022\/12\/Fundacja-Pronautis-z-zycia-neszego-osrodka-18-300x225.webp\" class=\"attachment-medium size-medium\" alt=\"\" decoding=\"async\" loading=\"lazy\" srcset=\"https:\/\/fundacjapronautis.pl\/wp-content\/uploads\/2022\/12\/Fundacja-Pronautis-z-zycia-neszego-osrodka-18-300x225.webp 300w, https:\/\/fundacjapronautis.pl\/wp-content\/uploads\/2022\/12\/Fundacja-Pronautis-z-zycia-neszego-osrodka-18-1024x768.webp 1024w, https:\/\/fundacjapronautis.pl\/wp-content\/uploads\/2022\/12\/Fundacja-Pronautis-z-zycia-neszego-osrodka-18-768x576.webp 768w, https:\/\/fundacjapronautis.pl\/wp-content\/uploads\/2022\/12\/Fundacja-Pronautis-z-zycia-neszego-osrodka-18-1536x1152.webp 1536w, https:\/\/fundacjapronautis.pl\/wp-content\/uploads\/2022\/12\/Fundacja-Pronautis-z-zycia-neszego-osrodka-18-2048x1536.webp 2048w, https:\/\/fundacjapronautis.pl\/wp-content\/uploads\/2022\/12\/Fundacja-Pronautis-z-zycia-neszego-osrodka-18-440x330.webp 440w, https:\/\/fundacjapronautis.pl\/wp-content\/uploads\/2022\/12\/Fundacja-Pronautis-z-zycia-neszego-osrodka-18-240x180.webp 240w\" sizes=\"(max-width: 300px) 100vw, 300px\" \/><\/a>\n\t\t\t<\/div><\/figure><figure class='gallery-item'>\n\t\t\t<div class='gallery-icon portrait'>\n\t\t\t\t<a data-elementor-open-lightbox=\"yes\" data-elementor-lightbox-slideshow=\"a65bd12\" data-elementor-lightbox-title=\"Fundacja Pronautis - z \u017cycia neszego o\u015brodka (17)\" e-action-hash=\"#elementor-action%3Aaction%3Dlightbox%26settings%3DeyJpZCI6MzA3MiwidXJsIjoiaHR0cHM6XC9cL2Z1bmRhY2phcHJvbmF1dGlzLnBsXC93cC1jb250ZW50XC91cGxvYWRzXC8yMDIyXC8xMlwvRnVuZGFjamEtUHJvbmF1dGlzLXotenljaWEtbmVzemVnby1vc3JvZGthLTE3LndlYnAiLCJzbGlkZXNob3ciOiJhNjViZDEyIn0%3D\" href='https:\/\/fundacjapronautis.pl\/wp-content\/uploads\/2022\/12\/Fundacja-Pronautis-z-zycia-neszego-osrodka-17.webp'><img width=\"225\" height=\"300\" src=\"https:\/\/fundacjapronautis.pl\/wp-content\/uploads\/2022\/12\/Fundacja-Pronautis-z-zycia-neszego-osrodka-17-225x300.webp\" class=\"attachment-medium size-medium\" alt=\"\" decoding=\"async\" loading=\"lazy\" srcset=\"https:\/\/fundacjapronautis.pl\/wp-content\/uploads\/2022\/12\/Fundacja-Pronautis-z-zycia-neszego-osrodka-17-225x300.webp 225w, https:\/\/fundacjapronautis.pl\/wp-content\/uploads\/2022\/12\/Fundacja-Pronautis-z-zycia-neszego-osrodka-17-768x1024.webp 768w, https:\/\/fundacjapronautis.pl\/wp-content\/uploads\/2022\/12\/Fundacja-Pronautis-z-zycia-neszego-osrodka-17-1152x1536.webp 1152w, https:\/\/fundacjapronautis.pl\/wp-content\/uploads\/2022\/12\/Fundacja-Pronautis-z-zycia-neszego-osrodka-17-1536x2048.webp 1536w, https:\/\/fundacjapronautis.pl\/wp-content\/uploads\/2022\/12\/Fundacja-Pronautis-z-zycia-neszego-osrodka-17-248x330.webp 248w, https:\/\/fundacjapronautis.pl\/wp-content\/uploads\/2022\/12\/Fundacja-Pronautis-z-zycia-neszego-osrodka-17-135x180.webp 135w, https:\/\/fundacjapronautis.pl\/wp-content\/uploads\/2022\/12\/Fundacja-Pronautis-z-zycia-neszego-osrodka-17.webp 1875w\" sizes=\"(max-width: 225px) 100vw, 225px\" \/><\/a>\n\t\t\t<\/div><\/figure><figure class='gallery-item'>\n\t\t\t<div class='gallery-icon portrait'>\n\t\t\t\t<a data-elementor-open-lightbox=\"yes\" data-elementor-lightbox-slideshow=\"a65bd12\" data-elementor-lightbox-title=\"Fundacja Pronautis - z \u017cycia neszego o\u015brodka (16)\" e-action-hash=\"#elementor-action%3Aaction%3Dlightbox%26settings%3DeyJpZCI6MzA3MSwidXJsIjoiaHR0cHM6XC9cL2Z1bmRhY2phcHJvbmF1dGlzLnBsXC93cC1jb250ZW50XC91cGxvYWRzXC8yMDIyXC8xMlwvRnVuZGFjamEtUHJvbmF1dGlzLXotenljaWEtbmVzemVnby1vc3JvZGthLTE2LndlYnAiLCJzbGlkZXNob3ciOiJhNjViZDEyIn0%3D\" href='https:\/\/fundacjapronautis.pl\/wp-content\/uploads\/2022\/12\/Fundacja-Pronautis-z-zycia-neszego-osrodka-16.webp'><img width=\"225\" height=\"300\" src=\"https:\/\/fundacjapronautis.pl\/wp-content\/uploads\/2022\/12\/Fundacja-Pronautis-z-zycia-neszego-osrodka-16-225x300.webp\" class=\"attachment-medium size-medium\" alt=\"\" decoding=\"async\" loading=\"lazy\" srcset=\"https:\/\/fundacjapronautis.pl\/wp-content\/uploads\/2022\/12\/Fundacja-Pronautis-z-zycia-neszego-osrodka-16-225x300.webp 225w, https:\/\/fundacjapronautis.pl\/wp-content\/uploads\/2022\/12\/Fundacja-Pronautis-z-zycia-neszego-osrodka-16-768x1024.webp 768w, https:\/\/fundacjapronautis.pl\/wp-content\/uploads\/2022\/12\/Fundacja-Pronautis-z-zycia-neszego-osrodka-16-1152x1536.webp 1152w, https:\/\/fundacjapronautis.pl\/wp-content\/uploads\/2022\/12\/Fundacja-Pronautis-z-zycia-neszego-osrodka-16-1536x2048.webp 1536w, https:\/\/fundacjapronautis.pl\/wp-content\/uploads\/2022\/12\/Fundacja-Pronautis-z-zycia-neszego-osrodka-16-248x330.webp 248w, https:\/\/fundacjapronautis.pl\/wp-content\/uploads\/2022\/12\/Fundacja-Pronautis-z-zycia-neszego-osrodka-16-135x180.webp 135w, https:\/\/fundacjapronautis.pl\/wp-content\/uploads\/2022\/12\/Fundacja-Pronautis-z-zycia-neszego-osrodka-16.webp 1875w\" sizes=\"(max-width: 225px) 100vw, 225px\" \/><\/a>\n\t\t\t<\/div><\/figure><figure class='gallery-item'>\n\t\t\t<div class='gallery-icon portrait'>\n\t\t\t\t<a data-elementor-open-lightbox=\"yes\" data-elementor-lightbox-slideshow=\"a65bd12\" data-elementor-lightbox-title=\"Fundacja Pronautis - z \u017cycia neszego o\u015brodka (15)\" e-action-hash=\"#elementor-action%3Aaction%3Dlightbox%26settings%3DeyJpZCI6MzA3MCwidXJsIjoiaHR0cHM6XC9cL2Z1bmRhY2phcHJvbmF1dGlzLnBsXC93cC1jb250ZW50XC91cGxvYWRzXC8yMDIyXC8xMlwvRnVuZGFjamEtUHJvbmF1dGlzLXotenljaWEtbmVzemVnby1vc3JvZGthLTE1LndlYnAiLCJzbGlkZXNob3ciOiJhNjViZDEyIn0%3D\" href='https:\/\/fundacjapronautis.pl\/wp-content\/uploads\/2022\/12\/Fundacja-Pronautis-z-zycia-neszego-osrodka-15.webp'><img width=\"225\" height=\"300\" src=\"https:\/\/fundacjapronautis.pl\/wp-content\/uploads\/2022\/12\/Fundacja-Pronautis-z-zycia-neszego-osrodka-15-225x300.webp\" class=\"attachment-medium size-medium\" alt=\"\" decoding=\"async\" loading=\"lazy\" srcset=\"https:\/\/fundacjapronautis.pl\/wp-content\/uploads\/2022\/12\/Fundacja-Pronautis-z-zycia-neszego-osrodka-15-225x300.webp 225w, https:\/\/fundacjapronautis.pl\/wp-content\/uploads\/2022\/12\/Fundacja-Pronautis-z-zycia-neszego-osrodka-15-768x1024.webp 768w, https:\/\/fundacjapronautis.pl\/wp-content\/uploads\/2022\/12\/Fundacja-Pronautis-z-zycia-neszego-osrodka-15-1152x1536.webp 1152w, https:\/\/fundacjapronautis.pl\/wp-content\/uploads\/2022\/12\/Fundacja-Pronautis-z-zycia-neszego-osrodka-15-1536x2048.webp 1536w, https:\/\/fundacjapronautis.pl\/wp-content\/uploads\/2022\/12\/Fundacja-Pronautis-z-zycia-neszego-osrodka-15-248x330.webp 248w, https:\/\/fundacjapronautis.pl\/wp-content\/uploads\/2022\/12\/Fundacja-Pronautis-z-zycia-neszego-osrodka-15-135x180.webp 135w, https:\/\/fundacjapronautis.pl\/wp-content\/uploads\/2022\/12\/Fundacja-Pronautis-z-zycia-neszego-osrodka-15.webp 1875w\" sizes=\"(max-width: 225px) 100vw, 225px\" \/><\/a>\n\t\t\t<\/div><\/figure><figure class='gallery-item'>\n\t\t\t<div class='gallery-icon portrait'>\n\t\t\t\t<a data-elementor-open-lightbox=\"yes\" data-elementor-lightbox-slideshow=\"a65bd12\" data-elementor-lightbox-title=\"Fundacja Pronautis - z \u017cycia neszego o\u015brodka (14)\" e-action-hash=\"#elementor-action%3Aaction%3Dlightbox%26settings%3DeyJpZCI6MzA2OSwidXJsIjoiaHR0cHM6XC9cL2Z1bmRhY2phcHJvbmF1dGlzLnBsXC93cC1jb250ZW50XC91cGxvYWRzXC8yMDIyXC8xMlwvRnVuZGFjamEtUHJvbmF1dGlzLXotenljaWEtbmVzemVnby1vc3JvZGthLTE0LndlYnAiLCJzbGlkZXNob3ciOiJhNjViZDEyIn0%3D\" href='https:\/\/fundacjapronautis.pl\/wp-content\/uploads\/2022\/12\/Fundacja-Pronautis-z-zycia-neszego-osrodka-14.webp'><img width=\"225\" height=\"300\" src=\"https:\/\/fundacjapronautis.pl\/wp-content\/uploads\/2022\/12\/Fundacja-Pronautis-z-zycia-neszego-osrodka-14-225x300.webp\" class=\"attachment-medium size-medium\" alt=\"\" decoding=\"async\" loading=\"lazy\" srcset=\"https:\/\/fundacjapronautis.pl\/wp-content\/uploads\/2022\/12\/Fundacja-Pronautis-z-zycia-neszego-osrodka-14-225x300.webp 225w, https:\/\/fundacjapronautis.pl\/wp-content\/uploads\/2022\/12\/Fundacja-Pronautis-z-zycia-neszego-osrodka-14-768x1024.webp 768w, https:\/\/fundacjapronautis.pl\/wp-content\/uploads\/2022\/12\/Fundacja-Pronautis-z-zycia-neszego-osrodka-14-1152x1536.webp 1152w, https:\/\/fundacjapronautis.pl\/wp-content\/uploads\/2022\/12\/Fundacja-Pronautis-z-zycia-neszego-osrodka-14-1536x2048.webp 1536w, https:\/\/fundacjapronautis.pl\/wp-content\/uploads\/2022\/12\/Fundacja-Pronautis-z-zycia-neszego-osrodka-14-248x330.webp 248w, https:\/\/fundacjapronautis.pl\/wp-content\/uploads\/2022\/12\/Fundacja-Pronautis-z-zycia-neszego-osrodka-14-135x180.webp 135w, https:\/\/fundacjapronautis.pl\/wp-content\/uploads\/2022\/12\/Fundacja-Pronautis-z-zycia-neszego-osrodka-14.webp 1875w\" sizes=\"(max-width: 225px) 100vw, 225px\" \/><\/a>\n\t\t\t<\/div><\/figure><figure class='gallery-item'>\n\t\t\t<div class='gallery-icon portrait'>\n\t\t\t\t<a data-elementor-open-lightbox=\"yes\" data-elementor-lightbox-slideshow=\"a65bd12\" data-elementor-lightbox-title=\"Fundacja Pronautis - z \u017cycia neszego o\u015brodka (13)\" e-action-hash=\"#elementor-action%3Aaction%3Dlightbox%26settings%3DeyJpZCI6MzA2OCwidXJsIjoiaHR0cHM6XC9cL2Z1bmRhY2phcHJvbmF1dGlzLnBsXC93cC1jb250ZW50XC91cGxvYWRzXC8yMDIyXC8xMlwvRnVuZGFjamEtUHJvbmF1dGlzLXotenljaWEtbmVzemVnby1vc3JvZGthLTEzLndlYnAiLCJzbGlkZXNob3ciOiJhNjViZDEyIn0%3D\" href='https:\/\/fundacjapronautis.pl\/wp-content\/uploads\/2022\/12\/Fundacja-Pronautis-z-zycia-neszego-osrodka-13.webp'><img width=\"225\" height=\"300\" src=\"https:\/\/fundacjapronautis.pl\/wp-content\/uploads\/2022\/12\/Fundacja-Pronautis-z-zycia-neszego-osrodka-13-225x300.webp\" class=\"attachment-medium size-medium\" alt=\"\" decoding=\"async\" loading=\"lazy\" srcset=\"https:\/\/fundacjapronautis.pl\/wp-content\/uploads\/2022\/12\/Fundacja-Pronautis-z-zycia-neszego-osrodka-13-225x300.webp 225w, https:\/\/fundacjapronautis.pl\/wp-content\/uploads\/2022\/12\/Fundacja-Pronautis-z-zycia-neszego-osrodka-13-768x1024.webp 768w, https:\/\/fundacjapronautis.pl\/wp-content\/uploads\/2022\/12\/Fundacja-Pronautis-z-zycia-neszego-osrodka-13-1152x1536.webp 1152w, https:\/\/fundacjapronautis.pl\/wp-content\/uploads\/2022\/12\/Fundacja-Pronautis-z-zycia-neszego-osrodka-13-1536x2048.webp 1536w, https:\/\/fundacjapronautis.pl\/wp-content\/uploads\/2022\/12\/Fundacja-Pronautis-z-zycia-neszego-osrodka-13-248x330.webp 248w, https:\/\/fundacjapronautis.pl\/wp-content\/uploads\/2022\/12\/Fundacja-Pronautis-z-zycia-neszego-osrodka-13-135x180.webp 135w, https:\/\/fundacjapronautis.pl\/wp-content\/uploads\/2022\/12\/Fundacja-Pronautis-z-zycia-neszego-osrodka-13.webp 1875w\" sizes=\"(max-width: 225px) 100vw, 225px\" \/><\/a>\n\t\t\t<\/div><\/figure><figure class='gallery-item'>\n\t\t\t<div class='gallery-icon portrait'>\n\t\t\t\t<a data-elementor-open-lightbox=\"yes\" data-elementor-lightbox-slideshow=\"a65bd12\" data-elementor-lightbox-title=\"Fundacja Pronautis - z \u017cycia neszego o\u015brodka (12)\" e-action-hash=\"#elementor-action%3Aaction%3Dlightbox%26settings%3DeyJpZCI6MzA2NywidXJsIjoiaHR0cHM6XC9cL2Z1bmRhY2phcHJvbmF1dGlzLnBsXC93cC1jb250ZW50XC91cGxvYWRzXC8yMDIyXC8xMlwvRnVuZGFjamEtUHJvbmF1dGlzLXotenljaWEtbmVzemVnby1vc3JvZGthLTEyLndlYnAiLCJzbGlkZXNob3ciOiJhNjViZDEyIn0%3D\" href='https:\/\/fundacjapronautis.pl\/wp-content\/uploads\/2022\/12\/Fundacja-Pronautis-z-zycia-neszego-osrodka-12.webp'><img width=\"225\" height=\"300\" src=\"https:\/\/fundacjapronautis.pl\/wp-content\/uploads\/2022\/12\/Fundacja-Pronautis-z-zycia-neszego-osrodka-12-225x300.webp\" class=\"attachment-medium size-medium\" alt=\"\" decoding=\"async\" loading=\"lazy\" srcset=\"https:\/\/fundacjapronautis.pl\/wp-content\/uploads\/2022\/12\/Fundacja-Pronautis-z-zycia-neszego-osrodka-12-225x300.webp 225w, https:\/\/fundacjapronautis.pl\/wp-content\/uploads\/2022\/12\/Fundacja-Pronautis-z-zycia-neszego-osrodka-12-768x1024.webp 768w, https:\/\/fundacjapronautis.pl\/wp-content\/uploads\/2022\/12\/Fundacja-Pronautis-z-zycia-neszego-osrodka-12-1152x1536.webp 1152w, https:\/\/fundacjapronautis.pl\/wp-content\/uploads\/2022\/12\/Fundacja-Pronautis-z-zycia-neszego-osrodka-12-1536x2048.webp 1536w, https:\/\/fundacjapronautis.pl\/wp-content\/uploads\/2022\/12\/Fundacja-Pronautis-z-zycia-neszego-osrodka-12-248x330.webp 248w, https:\/\/fundacjapronautis.pl\/wp-content\/uploads\/2022\/12\/Fundacja-Pronautis-z-zycia-neszego-osrodka-12-135x180.webp 135w, https:\/\/fundacjapronautis.pl\/wp-content\/uploads\/2022\/12\/Fundacja-Pronautis-z-zycia-neszego-osrodka-12.webp 1875w\" sizes=\"(max-width: 225px) 100vw, 225px\" \/><\/a>\n\t\t\t<\/div><\/figure><figure class='gallery-item'>\n\t\t\t<div class='gallery-icon portrait'>\n\t\t\t\t<a data-elementor-open-lightbox=\"yes\" data-elementor-lightbox-slideshow=\"a65bd12\" data-elementor-lightbox-title=\"Fundacja Pronautis - z \u017cycia neszego o\u015brodka (11)\" e-action-hash=\"#elementor-action%3Aaction%3Dlightbox%26settings%3DeyJpZCI6MzA2NiwidXJsIjoiaHR0cHM6XC9cL2Z1bmRhY2phcHJvbmF1dGlzLnBsXC93cC1jb250ZW50XC91cGxvYWRzXC8yMDIyXC8xMlwvRnVuZGFjamEtUHJvbmF1dGlzLXotenljaWEtbmVzemVnby1vc3JvZGthLTExLndlYnAiLCJzbGlkZXNob3ciOiJhNjViZDEyIn0%3D\" href='https:\/\/fundacjapronautis.pl\/wp-content\/uploads\/2022\/12\/Fundacja-Pronautis-z-zycia-neszego-osrodka-11.webp'><img width=\"225\" height=\"300\" src=\"https:\/\/fundacjapronautis.pl\/wp-content\/uploads\/2022\/12\/Fundacja-Pronautis-z-zycia-neszego-osrodka-11-225x300.webp\" class=\"attachment-medium size-medium\" alt=\"\" decoding=\"async\" loading=\"lazy\" srcset=\"https:\/\/fundacjapronautis.pl\/wp-content\/uploads\/2022\/12\/Fundacja-Pronautis-z-zycia-neszego-osrodka-11-225x300.webp 225w, https:\/\/fundacjapronautis.pl\/wp-content\/uploads\/2022\/12\/Fundacja-Pronautis-z-zycia-neszego-osrodka-11-768x1024.webp 768w, https:\/\/fundacjapronautis.pl\/wp-content\/uploads\/2022\/12\/Fundacja-Pronautis-z-zycia-neszego-osrodka-11-1152x1536.webp 1152w, https:\/\/fundacjapronautis.pl\/wp-content\/uploads\/2022\/12\/Fundacja-Pronautis-z-zycia-neszego-osrodka-11-1536x2048.webp 1536w, https:\/\/fundacjapronautis.pl\/wp-content\/uploads\/2022\/12\/Fundacja-Pronautis-z-zycia-neszego-osrodka-11-248x330.webp 248w, https:\/\/fundacjapronautis.pl\/wp-content\/uploads\/2022\/12\/Fundacja-Pronautis-z-zycia-neszego-osrodka-11-135x180.webp 135w, https:\/\/fundacjapronautis.pl\/wp-content\/uploads\/2022\/12\/Fundacja-Pronautis-z-zycia-neszego-osrodka-11.webp 1875w\" sizes=\"(max-width: 225px) 100vw, 225px\" \/><\/a>\n\t\t\t<\/div><\/figure><figure class='gallery-item'>\n\t\t\t<div class='gallery-icon portrait'>\n\t\t\t\t<a data-elementor-open-lightbox=\"yes\" data-elementor-lightbox-slideshow=\"a65bd12\" data-elementor-lightbox-title=\"Fundacja Pronautis - z \u017cycia neszego o\u015brodka (10)\" e-action-hash=\"#elementor-action%3Aaction%3Dlightbox%26settings%3DeyJpZCI6MzA2NSwidXJsIjoiaHR0cHM6XC9cL2Z1bmRhY2phcHJvbmF1dGlzLnBsXC93cC1jb250ZW50XC91cGxvYWRzXC8yMDIyXC8xMlwvRnVuZGFjamEtUHJvbmF1dGlzLXotenljaWEtbmVzemVnby1vc3JvZGthLTEwLndlYnAiLCJzbGlkZXNob3ciOiJhNjViZDEyIn0%3D\" href='https:\/\/fundacjapronautis.pl\/wp-content\/uploads\/2022\/12\/Fundacja-Pronautis-z-zycia-neszego-osrodka-10.webp'><img width=\"225\" height=\"300\" src=\"https:\/\/fundacjapronautis.pl\/wp-content\/uploads\/2022\/12\/Fundacja-Pronautis-z-zycia-neszego-osrodka-10-225x300.webp\" class=\"attachment-medium size-medium\" alt=\"\" decoding=\"async\" loading=\"lazy\" srcset=\"https:\/\/fundacjapronautis.pl\/wp-content\/uploads\/2022\/12\/Fundacja-Pronautis-z-zycia-neszego-osrodka-10-225x300.webp 225w, https:\/\/fundacjapronautis.pl\/wp-content\/uploads\/2022\/12\/Fundacja-Pronautis-z-zycia-neszego-osrodka-10-768x1024.webp 768w, https:\/\/fundacjapronautis.pl\/wp-content\/uploads\/2022\/12\/Fundacja-Pronautis-z-zycia-neszego-osrodka-10-1152x1536.webp 1152w, https:\/\/fundacjapronautis.pl\/wp-content\/uploads\/2022\/12\/Fundacja-Pronautis-z-zycia-neszego-osrodka-10-1536x2048.webp 1536w, https:\/\/fundacjapronautis.pl\/wp-content\/uploads\/2022\/12\/Fundacja-Pronautis-z-zycia-neszego-osrodka-10-248x330.webp 248w, https:\/\/fundacjapronautis.pl\/wp-content\/uploads\/2022\/12\/Fundacja-Pronautis-z-zycia-neszego-osrodka-10-135x180.webp 135w, https:\/\/fundacjapronautis.pl\/wp-content\/uploads\/2022\/12\/Fundacja-Pronautis-z-zycia-neszego-osrodka-10.webp 1875w\" sizes=\"(max-width: 225px) 100vw, 225px\" \/><\/a>\n\t\t\t<\/div><\/figure><figure class='gallery-item'>\n\t\t\t<div class='gallery-icon landscape'>\n\t\t\t\t<a data-elementor-open-lightbox=\"yes\" data-elementor-lightbox-slideshow=\"a65bd12\" data-elementor-lightbox-title=\"Fundacja Pronautis - z \u017cycia neszego o\u015brodka (9)\" e-action-hash=\"#elementor-action%3Aaction%3Dlightbox%26settings%3DeyJpZCI6MzA2NCwidXJsIjoiaHR0cHM6XC9cL2Z1bmRhY2phcHJvbmF1dGlzLnBsXC93cC1jb250ZW50XC91cGxvYWRzXC8yMDIyXC8xMlwvRnVuZGFjamEtUHJvbmF1dGlzLXotenljaWEtbmVzemVnby1vc3JvZGthLTkud2VicCIsInNsaWRlc2hvdyI6ImE2NWJkMTIifQ%3D%3D\" href='https:\/\/fundacjapronautis.pl\/wp-content\/uploads\/2022\/12\/Fundacja-Pronautis-z-zycia-neszego-osrodka-9.webp'><img width=\"300\" height=\"225\" src=\"https:\/\/fundacjapronautis.pl\/wp-content\/uploads\/2022\/12\/Fundacja-Pronautis-z-zycia-neszego-osrodka-9-300x225.webp\" class=\"attachment-medium size-medium\" alt=\"\" decoding=\"async\" loading=\"lazy\" srcset=\"https:\/\/fundacjapronautis.pl\/wp-content\/uploads\/2022\/12\/Fundacja-Pronautis-z-zycia-neszego-osrodka-9-300x225.webp 300w, https:\/\/fundacjapronautis.pl\/wp-content\/uploads\/2022\/12\/Fundacja-Pronautis-z-zycia-neszego-osrodka-9-1024x768.webp 1024w, https:\/\/fundacjapronautis.pl\/wp-content\/uploads\/2022\/12\/Fundacja-Pronautis-z-zycia-neszego-osrodka-9-768x576.webp 768w, https:\/\/fundacjapronautis.pl\/wp-content\/uploads\/2022\/12\/Fundacja-Pronautis-z-zycia-neszego-osrodka-9-1536x1152.webp 1536w, https:\/\/fundacjapronautis.pl\/wp-content\/uploads\/2022\/12\/Fundacja-Pronautis-z-zycia-neszego-osrodka-9-2048x1536.webp 2048w, https:\/\/fundacjapronautis.pl\/wp-content\/uploads\/2022\/12\/Fundacja-Pronautis-z-zycia-neszego-osrodka-9-440x330.webp 440w, https:\/\/fundacjapronautis.pl\/wp-content\/uploads\/2022\/12\/Fundacja-Pronautis-z-zycia-neszego-osrodka-9-240x180.webp 240w\" sizes=\"(max-width: 300px) 100vw, 300px\" \/><\/a>\n\t\t\t<\/div><\/figure><figure class='gallery-item'>\n\t\t\t<div class='gallery-icon portrait'>\n\t\t\t\t<a data-elementor-open-lightbox=\"yes\" data-elementor-lightbox-slideshow=\"a65bd12\" data-elementor-lightbox-title=\"Fundacja Pronautis - z \u017cycia neszego o\u015brodka (8)\" e-action-hash=\"#elementor-action%3Aaction%3Dlightbox%26settings%3DeyJpZCI6MzA2MywidXJsIjoiaHR0cHM6XC9cL2Z1bmRhY2phcHJvbmF1dGlzLnBsXC93cC1jb250ZW50XC91cGxvYWRzXC8yMDIyXC8xMlwvRnVuZGFjamEtUHJvbmF1dGlzLXotenljaWEtbmVzemVnby1vc3JvZGthLTgud2VicCIsInNsaWRlc2hvdyI6ImE2NWJkMTIifQ%3D%3D\" href='https:\/\/fundacjapronautis.pl\/wp-content\/uploads\/2022\/12\/Fundacja-Pronautis-z-zycia-neszego-osrodka-8.webp'><img width=\"225\" height=\"300\" src=\"https:\/\/fundacjapronautis.pl\/wp-content\/uploads\/2022\/12\/Fundacja-Pronautis-z-zycia-neszego-osrodka-8-225x300.webp\" class=\"attachment-medium size-medium\" alt=\"\" decoding=\"async\" loading=\"lazy\" srcset=\"https:\/\/fundacjapronautis.pl\/wp-content\/uploads\/2022\/12\/Fundacja-Pronautis-z-zycia-neszego-osrodka-8-225x300.webp 225w, https:\/\/fundacjapronautis.pl\/wp-content\/uploads\/2022\/12\/Fundacja-Pronautis-z-zycia-neszego-osrodka-8-768x1024.webp 768w, https:\/\/fundacjapronautis.pl\/wp-content\/uploads\/2022\/12\/Fundacja-Pronautis-z-zycia-neszego-osrodka-8-1152x1536.webp 1152w, https:\/\/fundacjapronautis.pl\/wp-content\/uploads\/2022\/12\/Fundacja-Pronautis-z-zycia-neszego-osrodka-8-1536x2048.webp 1536w, https:\/\/fundacjapronautis.pl\/wp-content\/uploads\/2022\/12\/Fundacja-Pronautis-z-zycia-neszego-osrodka-8-248x330.webp 248w, https:\/\/fundacjapronautis.pl\/wp-content\/uploads\/2022\/12\/Fundacja-Pronautis-z-zycia-neszego-osrodka-8-135x180.webp 135w, https:\/\/fundacjapronautis.pl\/wp-content\/uploads\/2022\/12\/Fundacja-Pronautis-z-zycia-neszego-osrodka-8.webp 1875w\" sizes=\"(max-width: 225px) 100vw, 225px\" \/><\/a>\n\t\t\t<\/div><\/figure><figure class='gallery-item'>\n\t\t\t<div class='gallery-icon portrait'>\n\t\t\t\t<a data-elementor-open-lightbox=\"yes\" data-elementor-lightbox-slideshow=\"a65bd12\" data-elementor-lightbox-title=\"Fundacja Pronautis - z \u017cycia neszego o\u015brodka (7)\" e-action-hash=\"#elementor-action%3Aaction%3Dlightbox%26settings%3DeyJpZCI6MzA2MiwidXJsIjoiaHR0cHM6XC9cL2Z1bmRhY2phcHJvbmF1dGlzLnBsXC93cC1jb250ZW50XC91cGxvYWRzXC8yMDIyXC8xMlwvRnVuZGFjamEtUHJvbmF1dGlzLXotenljaWEtbmVzemVnby1vc3JvZGthLTcud2VicCIsInNsaWRlc2hvdyI6ImE2NWJkMTIifQ%3D%3D\" href='https:\/\/fundacjapronautis.pl\/wp-content\/uploads\/2022\/12\/Fundacja-Pronautis-z-zycia-neszego-osrodka-7.webp'><img width=\"225\" height=\"300\" src=\"https:\/\/fundacjapronautis.pl\/wp-content\/uploads\/2022\/12\/Fundacja-Pronautis-z-zycia-neszego-osrodka-7-225x300.webp\" class=\"attachment-medium size-medium\" alt=\"\" decoding=\"async\" loading=\"lazy\" srcset=\"https:\/\/fundacjapronautis.pl\/wp-content\/uploads\/2022\/12\/Fundacja-Pronautis-z-zycia-neszego-osrodka-7-225x300.webp 225w, https:\/\/fundacjapronautis.pl\/wp-content\/uploads\/2022\/12\/Fundacja-Pronautis-z-zycia-neszego-osrodka-7-768x1024.webp 768w, https:\/\/fundacjapronautis.pl\/wp-content\/uploads\/2022\/12\/Fundacja-Pronautis-z-zycia-neszego-osrodka-7-1152x1536.webp 1152w, https:\/\/fundacjapronautis.pl\/wp-content\/uploads\/2022\/12\/Fundacja-Pronautis-z-zycia-neszego-osrodka-7-1536x2048.webp 1536w, https:\/\/fundacjapronautis.pl\/wp-content\/uploads\/2022\/12\/Fundacja-Pronautis-z-zycia-neszego-osrodka-7-248x330.webp 248w, https:\/\/fundacjapronautis.pl\/wp-content\/uploads\/2022\/12\/Fundacja-Pronautis-z-zycia-neszego-osrodka-7-135x180.webp 135w, https:\/\/fundacjapronautis.pl\/wp-content\/uploads\/2022\/12\/Fundacja-Pronautis-z-zycia-neszego-osrodka-7.webp 1875w\" sizes=\"(max-width: 225px) 100vw, 225px\" \/><\/a>\n\t\t\t<\/div><\/figure><figure class='gallery-item'>\n\t\t\t<div class='gallery-icon portrait'>\n\t\t\t\t<a data-elementor-open-lightbox=\"yes\" data-elementor-lightbox-slideshow=\"a65bd12\" data-elementor-lightbox-title=\"Fundacja Pronautis - z \u017cycia neszego o\u015brodka (6)\" e-action-hash=\"#elementor-action%3Aaction%3Dlightbox%26settings%3DeyJpZCI6MzA2MSwidXJsIjoiaHR0cHM6XC9cL2Z1bmRhY2phcHJvbmF1dGlzLnBsXC93cC1jb250ZW50XC91cGxvYWRzXC8yMDIyXC8xMlwvRnVuZGFjamEtUHJvbmF1dGlzLXotenljaWEtbmVzemVnby1vc3JvZGthLTYud2VicCIsInNsaWRlc2hvdyI6ImE2NWJkMTIifQ%3D%3D\" href='https:\/\/fundacjapronautis.pl\/wp-content\/uploads\/2022\/12\/Fundacja-Pronautis-z-zycia-neszego-osrodka-6.webp'><img width=\"225\" height=\"300\" src=\"https:\/\/fundacjapronautis.pl\/wp-content\/uploads\/2022\/12\/Fundacja-Pronautis-z-zycia-neszego-osrodka-6-225x300.webp\" class=\"attachment-medium size-medium\" alt=\"\" decoding=\"async\" loading=\"lazy\" srcset=\"https:\/\/fundacjapronautis.pl\/wp-content\/uploads\/2022\/12\/Fundacja-Pronautis-z-zycia-neszego-osrodka-6-225x300.webp 225w, https:\/\/fundacjapronautis.pl\/wp-content\/uploads\/2022\/12\/Fundacja-Pronautis-z-zycia-neszego-osrodka-6-768x1024.webp 768w, https:\/\/fundacjapronautis.pl\/wp-content\/uploads\/2022\/12\/Fundacja-Pronautis-z-zycia-neszego-osrodka-6-1152x1536.webp 1152w, https:\/\/fundacjapronautis.pl\/wp-content\/uploads\/2022\/12\/Fundacja-Pronautis-z-zycia-neszego-osrodka-6-1536x2048.webp 1536w, https:\/\/fundacjapronautis.pl\/wp-content\/uploads\/2022\/12\/Fundacja-Pronautis-z-zycia-neszego-osrodka-6-248x330.webp 248w, https:\/\/fundacjapronautis.pl\/wp-content\/uploads\/2022\/12\/Fundacja-Pronautis-z-zycia-neszego-osrodka-6-135x180.webp 135w, https:\/\/fundacjapronautis.pl\/wp-content\/uploads\/2022\/12\/Fundacja-Pronautis-z-zycia-neszego-osrodka-6.webp 1875w\" sizes=\"(max-width: 225px) 100vw, 225px\" \/><\/a>\n\t\t\t<\/div><\/figure><figure class='gallery-item'>\n\t\t\t<div class='gallery-icon portrait'>\n\t\t\t\t<a data-elementor-open-lightbox=\"yes\" data-elementor-lightbox-slideshow=\"a65bd12\" data-elementor-lightbox-title=\"Fundacja Pronautis - z \u017cycia neszego o\u015brodka (5)\" e-action-hash=\"#elementor-action%3Aaction%3Dlightbox%26settings%3DeyJpZCI6MzA2MCwidXJsIjoiaHR0cHM6XC9cL2Z1bmRhY2phcHJvbmF1dGlzLnBsXC93cC1jb250ZW50XC91cGxvYWRzXC8yMDIyXC8xMlwvRnVuZGFjamEtUHJvbmF1dGlzLXotenljaWEtbmVzemVnby1vc3JvZGthLTUud2VicCIsInNsaWRlc2hvdyI6ImE2NWJkMTIifQ%3D%3D\" href='https:\/\/fundacjapronautis.pl\/wp-content\/uploads\/2022\/12\/Fundacja-Pronautis-z-zycia-neszego-osrodka-5.webp'><img width=\"225\" height=\"300\" src=\"https:\/\/fundacjapronautis.pl\/wp-content\/uploads\/2022\/12\/Fundacja-Pronautis-z-zycia-neszego-osrodka-5-225x300.webp\" class=\"attachment-medium size-medium\" alt=\"\" decoding=\"async\" loading=\"lazy\" srcset=\"https:\/\/fundacjapronautis.pl\/wp-content\/uploads\/2022\/12\/Fundacja-Pronautis-z-zycia-neszego-osrodka-5-225x300.webp 225w, https:\/\/fundacjapronautis.pl\/wp-content\/uploads\/2022\/12\/Fundacja-Pronautis-z-zycia-neszego-osrodka-5-768x1024.webp 768w, https:\/\/fundacjapronautis.pl\/wp-content\/uploads\/2022\/12\/Fundacja-Pronautis-z-zycia-neszego-osrodka-5-1152x1536.webp 1152w, https:\/\/fundacjapronautis.pl\/wp-content\/uploads\/2022\/12\/Fundacja-Pronautis-z-zycia-neszego-osrodka-5-1536x2048.webp 1536w, https:\/\/fundacjapronautis.pl\/wp-content\/uploads\/2022\/12\/Fundacja-Pronautis-z-zycia-neszego-osrodka-5-248x330.webp 248w, https:\/\/fundacjapronautis.pl\/wp-content\/uploads\/2022\/12\/Fundacja-Pronautis-z-zycia-neszego-osrodka-5-135x180.webp 135w, https:\/\/fundacjapronautis.pl\/wp-content\/uploads\/2022\/12\/Fundacja-Pronautis-z-zycia-neszego-osrodka-5.webp 1875w\" sizes=\"(max-width: 225px) 100vw, 225px\" \/><\/a>\n\t\t\t<\/div><\/figure><figure class='gallery-item'>\n\t\t\t<div class='gallery-icon portrait'>\n\t\t\t\t<a data-elementor-open-lightbox=\"yes\" data-elementor-lightbox-slideshow=\"a65bd12\" data-elementor-lightbox-title=\"Fundacja Pronautis - z \u017cycia neszego o\u015brodka (4)\" e-action-hash=\"#elementor-action%3Aaction%3Dlightbox%26settings%3DeyJpZCI6MzA1OSwidXJsIjoiaHR0cHM6XC9cL2Z1bmRhY2phcHJvbmF1dGlzLnBsXC93cC1jb250ZW50XC91cGxvYWRzXC8yMDIyXC8xMlwvRnVuZGFjamEtUHJvbmF1dGlzLXotenljaWEtbmVzemVnby1vc3JvZGthLTQud2VicCIsInNsaWRlc2hvdyI6ImE2NWJkMTIifQ%3D%3D\" href='https:\/\/fundacjapronautis.pl\/wp-content\/uploads\/2022\/12\/Fundacja-Pronautis-z-zycia-neszego-osrodka-4.webp'><img width=\"225\" height=\"300\" src=\"https:\/\/fundacjapronautis.pl\/wp-content\/uploads\/2022\/12\/Fundacja-Pronautis-z-zycia-neszego-osrodka-4-225x300.webp\" class=\"attachment-medium size-medium\" alt=\"\" decoding=\"async\" loading=\"lazy\" srcset=\"https:\/\/fundacjapronautis.pl\/wp-content\/uploads\/2022\/12\/Fundacja-Pronautis-z-zycia-neszego-osrodka-4-225x300.webp 225w, https:\/\/fundacjapronautis.pl\/wp-content\/uploads\/2022\/12\/Fundacja-Pronautis-z-zycia-neszego-osrodka-4-768x1024.webp 768w, https:\/\/fundacjapronautis.pl\/wp-content\/uploads\/2022\/12\/Fundacja-Pronautis-z-zycia-neszego-osrodka-4-1152x1536.webp 1152w, https:\/\/fundacjapronautis.pl\/wp-content\/uploads\/2022\/12\/Fundacja-Pronautis-z-zycia-neszego-osrodka-4-1536x2048.webp 1536w, https:\/\/fundacjapronautis.pl\/wp-content\/uploads\/2022\/12\/Fundacja-Pronautis-z-zycia-neszego-osrodka-4-248x330.webp 248w, https:\/\/fundacjapronautis.pl\/wp-content\/uploads\/2022\/12\/Fundacja-Pronautis-z-zycia-neszego-osrodka-4-135x180.webp 135w, https:\/\/fundacjapronautis.pl\/wp-content\/uploads\/2022\/12\/Fundacja-Pronautis-z-zycia-neszego-osrodka-4.webp 1875w\" sizes=\"(max-width: 225px) 100vw, 225px\" \/><\/a>\n\t\t\t<\/div><\/figure><figure class='gallery-item'>\n\t\t\t<div class='gallery-icon landscape'>\n\t\t\t\t<a data-elementor-open-lightbox=\"yes\" data-elementor-lightbox-slideshow=\"a65bd12\" data-elementor-lightbox-title=\"Fundacja Pronautis - z \u017cycia neszego o\u015brodka (3)\" e-action-hash=\"#elementor-action%3Aaction%3Dlightbox%26settings%3DeyJpZCI6MzA1OCwidXJsIjoiaHR0cHM6XC9cL2Z1bmRhY2phcHJvbmF1dGlzLnBsXC93cC1jb250ZW50XC91cGxvYWRzXC8yMDIyXC8xMlwvRnVuZGFjamEtUHJvbmF1dGlzLXotenljaWEtbmVzemVnby1vc3JvZGthLTMud2VicCIsInNsaWRlc2hvdyI6ImE2NWJkMTIifQ%3D%3D\" href='https:\/\/fundacjapronautis.pl\/wp-content\/uploads\/2022\/12\/Fundacja-Pronautis-z-zycia-neszego-osrodka-3.webp'><img width=\"300\" height=\"225\" src=\"https:\/\/fundacjapronautis.pl\/wp-content\/uploads\/2022\/12\/Fundacja-Pronautis-z-zycia-neszego-osrodka-3-300x225.webp\" class=\"attachment-medium size-medium\" alt=\"\" decoding=\"async\" loading=\"lazy\" srcset=\"https:\/\/fundacjapronautis.pl\/wp-content\/uploads\/2022\/12\/Fundacja-Pronautis-z-zycia-neszego-osrodka-3-300x225.webp 300w, https:\/\/fundacjapronautis.pl\/wp-content\/uploads\/2022\/12\/Fundacja-Pronautis-z-zycia-neszego-osrodka-3-1024x768.webp 1024w, https:\/\/fundacjapronautis.pl\/wp-content\/uploads\/2022\/12\/Fundacja-Pronautis-z-zycia-neszego-osrodka-3-768x576.webp 768w, https:\/\/fundacjapronautis.pl\/wp-content\/uploads\/2022\/12\/Fundacja-Pronautis-z-zycia-neszego-osrodka-3-1536x1152.webp 1536w, https:\/\/fundacjapronautis.pl\/wp-content\/uploads\/2022\/12\/Fundacja-Pronautis-z-zycia-neszego-osrodka-3-2048x1536.webp 2048w, https:\/\/fundacjapronautis.pl\/wp-content\/uploads\/2022\/12\/Fundacja-Pronautis-z-zycia-neszego-osrodka-3-440x330.webp 440w, https:\/\/fundacjapronautis.pl\/wp-content\/uploads\/2022\/12\/Fundacja-Pronautis-z-zycia-neszego-osrodka-3-240x180.webp 240w\" sizes=\"(max-width: 300px) 100vw, 300px\" \/><\/a>\n\t\t\t<\/div><\/figure><figure class='gallery-item'>\n\t\t\t<div class='gallery-icon portrait'>\n\t\t\t\t<a data-elementor-open-lightbox=\"yes\" data-elementor-lightbox-slideshow=\"a65bd12\" data-elementor-lightbox-title=\"Fundacja Pronautis - z \u017cycia neszego o\u015brodka (2)\" e-action-hash=\"#elementor-action%3Aaction%3Dlightbox%26settings%3DeyJpZCI6MzA1NywidXJsIjoiaHR0cHM6XC9cL2Z1bmRhY2phcHJvbmF1dGlzLnBsXC93cC1jb250ZW50XC91cGxvYWRzXC8yMDIyXC8xMlwvRnVuZGFjamEtUHJvbmF1dGlzLXotenljaWEtbmVzemVnby1vc3JvZGthLTIud2VicCIsInNsaWRlc2hvdyI6ImE2NWJkMTIifQ%3D%3D\" href='https:\/\/fundacjapronautis.pl\/wp-content\/uploads\/2022\/12\/Fundacja-Pronautis-z-zycia-neszego-osrodka-2.webp'><img width=\"225\" height=\"300\" src=\"https:\/\/fundacjapronautis.pl\/wp-content\/uploads\/2022\/12\/Fundacja-Pronautis-z-zycia-neszego-osrodka-2-225x300.webp\" class=\"attachment-medium size-medium\" alt=\"\" decoding=\"async\" loading=\"lazy\" srcset=\"https:\/\/fundacjapronautis.pl\/wp-content\/uploads\/2022\/12\/Fundacja-Pronautis-z-zycia-neszego-osrodka-2-225x300.webp 225w, https:\/\/fundacjapronautis.pl\/wp-content\/uploads\/2022\/12\/Fundacja-Pronautis-z-zycia-neszego-osrodka-2-768x1024.webp 768w, https:\/\/fundacjapronautis.pl\/wp-content\/uploads\/2022\/12\/Fundacja-Pronautis-z-zycia-neszego-osrodka-2-1152x1536.webp 1152w, https:\/\/fundacjapronautis.pl\/wp-content\/uploads\/2022\/12\/Fundacja-Pronautis-z-zycia-neszego-osrodka-2-1536x2048.webp 1536w, https:\/\/fundacjapronautis.pl\/wp-content\/uploads\/2022\/12\/Fundacja-Pronautis-z-zycia-neszego-osrodka-2-248x330.webp 248w, https:\/\/fundacjapronautis.pl\/wp-content\/uploads\/2022\/12\/Fundacja-Pronautis-z-zycia-neszego-osrodka-2-135x180.webp 135w, https:\/\/fundacjapronautis.pl\/wp-content\/uploads\/2022\/12\/Fundacja-Pronautis-z-zycia-neszego-osrodka-2.webp 1875w\" sizes=\"(max-width: 225px) 100vw, 225px\" \/><\/a>\n\t\t\t<\/div><\/figure><figure class='gallery-item'>\n\t\t\t<div class='gallery-icon portrait'>\n\t\t\t\t<a data-elementor-open-lightbox=\"yes\" data-elementor-lightbox-slideshow=\"a65bd12\" data-elementor-lightbox-title=\"Fundacja Pronautis - z \u017cycia neszego o\u015brodka (1)\" e-action-hash=\"#elementor-action%3Aaction%3Dlightbox%26settings%3DeyJpZCI6MzA1NiwidXJsIjoiaHR0cHM6XC9cL2Z1bmRhY2phcHJvbmF1dGlzLnBsXC93cC1jb250ZW50XC91cGxvYWRzXC8yMDIyXC8xMlwvRnVuZGFjamEtUHJvbmF1dGlzLXotenljaWEtbmVzemVnby1vc3JvZGthLTEud2VicCIsInNsaWRlc2hvdyI6ImE2NWJkMTIifQ%3D%3D\" href='https:\/\/fundacjapronautis.pl\/wp-content\/uploads\/2022\/12\/Fundacja-Pronautis-z-zycia-neszego-osrodka-1.webp'><img width=\"225\" height=\"300\" src=\"https:\/\/fundacjapronautis.pl\/wp-content\/uploads\/2022\/12\/Fundacja-Pronautis-z-zycia-neszego-osrodka-1-225x300.webp\" class=\"attachment-medium size-medium\" alt=\"\" decoding=\"async\" loading=\"lazy\" srcset=\"https:\/\/fundacjapronautis.pl\/wp-content\/uploads\/2022\/12\/Fundacja-Pronautis-z-zycia-neszego-osrodka-1-225x300.webp 225w, https:\/\/fundacjapronautis.pl\/wp-content\/uploads\/2022\/12\/Fundacja-Pronautis-z-zycia-neszego-osrodka-1-768x1024.webp 768w, https:\/\/fundacjapronautis.pl\/wp-content\/uploads\/2022\/12\/Fundacja-Pronautis-z-zycia-neszego-osrodka-1-1152x1536.webp 1152w, https:\/\/fundacjapronautis.pl\/wp-content\/uploads\/2022\/12\/Fundacja-Pronautis-z-zycia-neszego-osrodka-1-1536x2048.webp 1536w, https:\/\/fundacjapronautis.pl\/wp-content\/uploads\/2022\/12\/Fundacja-Pronautis-z-zycia-neszego-osrodka-1-248x330.webp 248w, https:\/\/fundacjapronautis.pl\/wp-content\/uploads\/2022\/12\/Fundacja-Pronautis-z-zycia-neszego-osrodka-1-135x180.webp 135w, https:\/\/fundacjapronautis.pl\/wp-content\/uploads\/2022\/12\/Fundacja-Pronautis-z-zycia-neszego-osrodka-1.webp 1875w\" sizes=\"(max-width: 225px) 100vw, 225px\" \/><\/a>\n\t\t\t<\/div><\/figure>\n\t\t<\/div>\n\t\t<\/div>\n\t\t\t\t<\/div>\n\t\t\t\t<\/div>\n\t\t\t\t\t<\/div>\n\t\t<\/div>\n\t\t\t\t\t\t\t<\/div>\n\t\t<\/section>\n\t\t\t\t\t\t\t<\/div>\n\t\t","protected":false},"excerpt":{"rendered":"","protected":false},"author":1,"featured_media":0,"parent":2795,"menu_order":7,"comment_status":"closed","ping_status":"closed","template":"","meta":[],"_links":{"self":[{"href":"https:\/\/fundacjapronautis.pl\/index.php\/wp-json\/wp\/v2\/pages\/2813"}],"collection":[{"href":"https:\/\/fundacjapronautis.pl\/index.php\/wp-json\/wp\/v2\/pages"}],"about":[{"href":"https:\/\/fundacjapronautis.pl\/index.php\/wp-json\/wp\/v2\/types\/page"}],"author":[{"embeddable":true,"href":"https:\/\/fundacjapronautis.pl\/index.php\/wp-json\/wp\/v2\/users\/1"}],"replies":[{"embeddable":true,"href":"https:\/\/fundacjapronautis.pl\/index.php\/wp-json\/wp\/v2\/comments?post=2813"}],"version-history":[{"count":7,"href":"https:\/\/fundacjapronautis.pl\/index.php\/wp-json\/wp\/v2\/pages\/2813\/revisions"}],"predecessor-version":[{"id":3096,"href":"https:\/\/fundacjapronautis.pl\/index.php\/wp-json\/wp\/v2\/pages\/2813\/revisions\/3096"}],"up":[{"embeddable":true,"href":"https:\/\/fundacjapronautis.pl\/index.php\/wp-json\/wp\/v2\/pages\/2795"}],"wp:attachment":[{"href":"https:\/\/fundacjapronautis.pl\/index.php\/wp-json\/wp\/v2\/media?parent=2813"}],"curies":[{"name":"wp","href":"https:\/\/api.w.org\/{rel}","templated":true}]}}